{"id":2281,"date":"2025-10-29T20:51:18","date_gmt":"2025-10-29T19:51:18","guid":{"rendered":"https:\/\/matthiaspopp.com\/portfolio\/?page_id=2281"},"modified":"2025-10-31T20:11:41","modified_gmt":"2025-10-31T19:11:41","slug":"editorial","status":"publish","type":"page","link":"https:\/\/matthiaspopp.com\/portfolio\/editorial\/","title":{"rendered":"EDITORIAL"},"content":{"rendered":"\t\t<div data-elementor-type=\"wp-page\" data-elementor-id=\"2281\" class=\"elementor elementor-2281\">\n\t\t\t\t<div class=\"elementor-element elementor-element-9b81e76 e-con-full e-flex e-con e-parent\" data-id=\"9b81e76\" data-element_type=\"container\">\n\t\t\t\t<div class=\"elementor-element elementor-element-48fef60 elementor-widget__width-inherit elementor-widget elementor-widget-thumbnails-grid\" data-id=\"48fef60\" data-element_type=\"widget\" data-widget_type=\"thumbnails-grid.default\">\n\t\t\t\t<div class=\"elementor-widget-container\">\n\t\t\t\t\t<div class=\"thumbnails-shortcode gridblock-columns-wrap grid-style-wall-grid-wrap clearfix\"><div class=\"thumbnails-grid-container lightgallery-container grid-style-wall-grid thumbnail-gutter-nospace gridblock-masonary  relayout-on-image-load thumnails-gutter-active  no-title-no-desc boxtitle-active gridblock-three  has-effect-zoom\"  data-columns=\"3\"><div class=\"gridblock-element  grid-animate-display-all isotope-displayed gridblock-thumbnail-id-2584 gridblock-col-1\"><div class=\"gridblock-ajax gridblock-grid-element gridblock-element-inner\" data-rel=\"2281\"><div class=\"gridblock-background-hover\"><a data-elementor-open-lightbox=\"no\" data-exthumbimage=\"https:\/\/matthiaspopp.com\/portfolio\/wp-content\/uploads\/2025\/10\/matthias-popp-fotografie-editorial-005-160x160.jpg\" class=\"lightbox-active lightbox-image gridblock-sole-link\" data-sub-html=\"&lt;div class=&quot;lightbox-text-wrap &quot;&gt;&lt;\/div&gt;\" href=\"https:\/\/matthiaspopp.com\/portfolio\/wp-content\/uploads\/2025\/10\/matthias-popp-fotografie-editorial-005.jpg\" data-src=\"https:\/\/matthiaspopp.com\/portfolio\/wp-content\/uploads\/2025\/10\/matthias-popp-fotografie-editorial-005.jpg\"><div class=\"gridblock-links-wrap\"><span class=\"column-gridblock-icon\"><span class=\"hover-icon-effect\"><i class=\"ion-ios-search\"><\/i><\/span><\/span><\/div><\/a><\/div><img decoding=\"async\" class=\"preload-image lazyload displayed-image\" src=\"https:\/\/matthiaspopp.com\/portfolio\/wp-content\/themes\/blacksilver\/images\/placeholders\/placeholder-770x550.gif\" data-src=\"https:\/\/matthiaspopp.com\/portfolio\/wp-content\/uploads\/2025\/10\/matthias-popp-fotografie-editorial-005-800x571.jpg\" alt=\"Matthias Popp Fotografie - Editorial Fotograf im Raum Halle Saale, Leipzig, Dresden, Dessau, Bitterfeld, Wittenberg\"><\/div><\/div><div class=\"gridblock-element  grid-animate-display-all isotope-displayed gridblock-thumbnail-id-2080 gridblock-col-2\"><div class=\"gridblock-ajax gridblock-grid-element gridblock-element-inner\" data-rel=\"2281\"><div class=\"gridblock-background-hover\"><a data-elementor-open-lightbox=\"no\" data-exthumbimage=\"https:\/\/matthiaspopp.com\/portfolio\/wp-content\/uploads\/2025\/10\/matthias-popp-fotografie-editorial-15-160x160.jpg\" class=\"lightbox-active lightbox-image gridblock-sole-link\" data-sub-html=\"&lt;div class=&quot;lightbox-text-wrap &quot;&gt;&lt;\/div&gt;\" href=\"https:\/\/matthiaspopp.com\/portfolio\/wp-content\/uploads\/2025\/10\/matthias-popp-fotografie-editorial-15.jpg\" data-src=\"https:\/\/matthiaspopp.com\/portfolio\/wp-content\/uploads\/2025\/10\/matthias-popp-fotografie-editorial-15.jpg\"><div class=\"gridblock-links-wrap\"><span class=\"column-gridblock-icon\"><span class=\"hover-icon-effect\"><i class=\"ion-ios-search\"><\/i><\/span><\/span><\/div><\/a><\/div><img decoding=\"async\" class=\"preload-image lazyload displayed-image\" src=\"https:\/\/matthiaspopp.com\/portfolio\/wp-content\/themes\/blacksilver\/images\/placeholders\/placeholder-770x550.gif\" data-src=\"https:\/\/matthiaspopp.com\/portfolio\/wp-content\/uploads\/2025\/10\/matthias-popp-fotografie-editorial-15-800x1120.jpg\" alt=\"Matthias Popp Fotografie - Editorial Fotograf im Raum Halle Saale, Leipzig, Dresden, Dessau, Bitterfeld, Wittenberg\"><\/div><\/div><div class=\"gridblock-element  grid-animate-display-all isotope-displayed gridblock-thumbnail-id-2078 gridblock-col-3\"><div class=\"gridblock-ajax gridblock-grid-element gridblock-element-inner\" data-rel=\"2281\"><div class=\"gridblock-background-hover\"><a data-elementor-open-lightbox=\"no\" data-exthumbimage=\"https:\/\/matthiaspopp.com\/portfolio\/wp-content\/uploads\/2025\/10\/matthias-popp-fotografie-editorial-13-160x160.jpg\" class=\"lightbox-active lightbox-image gridblock-sole-link\" data-sub-html=\"&lt;div class=&quot;lightbox-text-wrap &quot;&gt;&lt;\/div&gt;\" href=\"https:\/\/matthiaspopp.com\/portfolio\/wp-content\/uploads\/2025\/10\/matthias-popp-fotografie-editorial-13.jpg\" data-src=\"https:\/\/matthiaspopp.com\/portfolio\/wp-content\/uploads\/2025\/10\/matthias-popp-fotografie-editorial-13.jpg\"><div class=\"gridblock-links-wrap\"><span class=\"column-gridblock-icon\"><span class=\"hover-icon-effect\"><i class=\"ion-ios-search\"><\/i><\/span><\/span><\/div><\/a><\/div><img decoding=\"async\" class=\"preload-image lazyload displayed-image\" src=\"https:\/\/matthiaspopp.com\/portfolio\/wp-content\/themes\/blacksilver\/images\/placeholders\/placeholder-770x550.gif\" data-src=\"https:\/\/matthiaspopp.com\/portfolio\/wp-content\/uploads\/2025\/10\/matthias-popp-fotografie-editorial-13-800x571.jpg\" alt=\"T\u00fcrkisch f\u00fcr Anf\u00e4nger - Matthias Popp Fotografie - Editorial Fotograf im Raum Halle Saale, Leipzig, Dresden, Dessau, Bitterfeld, Wittenberg\"><\/div><\/div><div class=\"gridblock-element  grid-animate-display-all isotope-displayed gridblock-thumbnail-id-2076 gridblock-col-1\"><div class=\"gridblock-ajax gridblock-grid-element gridblock-element-inner\" data-rel=\"2281\"><div class=\"gridblock-background-hover\"><a data-elementor-open-lightbox=\"no\" data-exthumbimage=\"https:\/\/matthiaspopp.com\/portfolio\/wp-content\/uploads\/2025\/10\/matthias-popp-fotografie-editorial-11-160x160.jpg\" class=\"lightbox-active lightbox-image gridblock-sole-link\" data-sub-html=\"&lt;div class=&quot;lightbox-text-wrap &quot;&gt;&lt;\/div&gt;\" href=\"https:\/\/matthiaspopp.com\/portfolio\/wp-content\/uploads\/2025\/10\/matthias-popp-fotografie-editorial-11.jpg\" data-src=\"https:\/\/matthiaspopp.com\/portfolio\/wp-content\/uploads\/2025\/10\/matthias-popp-fotografie-editorial-11.jpg\"><div class=\"gridblock-links-wrap\"><span class=\"column-gridblock-icon\"><span class=\"hover-icon-effect\"><i class=\"ion-ios-search\"><\/i><\/span><\/span><\/div><\/a><\/div><img decoding=\"async\" class=\"preload-image lazyload displayed-image\" src=\"https:\/\/matthiaspopp.com\/portfolio\/wp-content\/themes\/blacksilver\/images\/placeholders\/placeholder-770x550.gif\" data-src=\"https:\/\/matthiaspopp.com\/portfolio\/wp-content\/uploads\/2025\/10\/matthias-popp-fotografie-editorial-11-800x1120.jpg\" alt=\"Matthias Popp Fotografie - Editorial Fotograf im Raum Halle Saale, Leipzig, Dresden, Dessau, Bitterfeld, Wittenberg\"><\/div><\/div><div class=\"gridblock-element  grid-animate-display-all isotope-displayed gridblock-thumbnail-id-2075 gridblock-col-2\"><div class=\"gridblock-ajax gridblock-grid-element gridblock-element-inner\" data-rel=\"2281\"><div class=\"gridblock-background-hover\"><a data-elementor-open-lightbox=\"no\" data-exthumbimage=\"https:\/\/matthiaspopp.com\/portfolio\/wp-content\/uploads\/2025\/10\/matthias-popp-fotografie-editorial-10-160x160.jpg\" class=\"lightbox-active lightbox-image gridblock-sole-link\" data-sub-html=\"&lt;div class=&quot;lightbox-text-wrap &quot;&gt;&lt;\/div&gt;\" href=\"https:\/\/matthiaspopp.com\/portfolio\/wp-content\/uploads\/2025\/10\/matthias-popp-fotografie-editorial-10.jpg\" data-src=\"https:\/\/matthiaspopp.com\/portfolio\/wp-content\/uploads\/2025\/10\/matthias-popp-fotografie-editorial-10.jpg\"><div class=\"gridblock-links-wrap\"><span class=\"column-gridblock-icon\"><span class=\"hover-icon-effect\"><i class=\"ion-ios-search\"><\/i><\/span><\/span><\/div><\/a><\/div><img decoding=\"async\" class=\"preload-image lazyload displayed-image\" src=\"https:\/\/matthiaspopp.com\/portfolio\/wp-content\/themes\/blacksilver\/images\/placeholders\/placeholder-770x550.gif\" data-src=\"https:\/\/matthiaspopp.com\/portfolio\/wp-content\/uploads\/2025\/10\/matthias-popp-fotografie-editorial-10-800x1120.jpg\" alt=\"Matthias Popp Fotografie - Editorial Fotograf im Raum Halle Saale, Leipzig, Dresden, Dessau, Bitterfeld, Wittenberg\"><\/div><\/div><div class=\"gridblock-element  grid-animate-display-all isotope-displayed gridblock-thumbnail-id-2071 gridblock-col-3\"><div class=\"gridblock-ajax gridblock-grid-element gridblock-element-inner\" data-rel=\"2281\"><div class=\"gridblock-background-hover\"><a data-elementor-open-lightbox=\"no\" data-exthumbimage=\"https:\/\/matthiaspopp.com\/portfolio\/wp-content\/uploads\/2025\/10\/matthias-popp-fotografie-editorial-06-160x160.jpg\" class=\"lightbox-active lightbox-image gridblock-sole-link\" data-sub-html=\"&lt;div class=&quot;lightbox-text-wrap &quot;&gt;&lt;\/div&gt;\" href=\"https:\/\/matthiaspopp.com\/portfolio\/wp-content\/uploads\/2025\/10\/matthias-popp-fotografie-editorial-06.jpg\" data-src=\"https:\/\/matthiaspopp.com\/portfolio\/wp-content\/uploads\/2025\/10\/matthias-popp-fotografie-editorial-06.jpg\"><div class=\"gridblock-links-wrap\"><span class=\"column-gridblock-icon\"><span class=\"hover-icon-effect\"><i class=\"ion-ios-search\"><\/i><\/span><\/span><\/div><\/a><\/div><img decoding=\"async\" class=\"preload-image lazyload displayed-image\" src=\"https:\/\/matthiaspopp.com\/portfolio\/wp-content\/themes\/blacksilver\/images\/placeholders\/placeholder-770x550.gif\" data-src=\"https:\/\/matthiaspopp.com\/portfolio\/wp-content\/uploads\/2025\/10\/matthias-popp-fotografie-editorial-06-800x572.jpg\" alt=\"Matthias Popp Fotografie - Editorial Fotograf im Raum Halle Saale, Leipzig, Dresden, Dessau, Bitterfeld, Wittenberg\"><\/div><\/div><div class=\"gridblock-element  grid-animate-display-all isotope-displayed gridblock-thumbnail-id-2066 gridblock-col-1\"><div class=\"gridblock-ajax gridblock-grid-element gridblock-element-inner\" data-rel=\"2281\"><div class=\"gridblock-background-hover\"><a data-elementor-open-lightbox=\"no\" data-exthumbimage=\"https:\/\/matthiaspopp.com\/portfolio\/wp-content\/uploads\/2025\/10\/matthias-popp-fotografie-editorial-01-160x160.jpg\" class=\"lightbox-active lightbox-image gridblock-sole-link\" data-sub-html=\"&lt;div class=&quot;lightbox-text-wrap &quot;&gt;&lt;\/div&gt;\" href=\"https:\/\/matthiaspopp.com\/portfolio\/wp-content\/uploads\/2025\/10\/matthias-popp-fotografie-editorial-01.jpg\" data-src=\"https:\/\/matthiaspopp.com\/portfolio\/wp-content\/uploads\/2025\/10\/matthias-popp-fotografie-editorial-01.jpg\"><div class=\"gridblock-links-wrap\"><span class=\"column-gridblock-icon\"><span class=\"hover-icon-effect\"><i class=\"ion-ios-search\"><\/i><\/span><\/span><\/div><\/a><\/div><img decoding=\"async\" class=\"preload-image lazyload displayed-image\" src=\"https:\/\/matthiaspopp.com\/portfolio\/wp-content\/themes\/blacksilver\/images\/placeholders\/placeholder-770x550.gif\" data-src=\"https:\/\/matthiaspopp.com\/portfolio\/wp-content\/uploads\/2025\/10\/matthias-popp-fotografie-editorial-01-800x572.jpg\" alt=\"Matthias Popp Fotografie - Editorial Fotograf im Raum Halle Saale, Leipzig, Dresden, Dessau, Bitterfeld, Wittenberg\"><\/div><\/div><div class=\"gridblock-element  grid-animate-display-all isotope-displayed gridblock-thumbnail-id-2081 gridblock-col-2\"><div class=\"gridblock-ajax gridblock-grid-element gridblock-element-inner\" data-rel=\"2281\"><div class=\"gridblock-background-hover\"><a data-elementor-open-lightbox=\"no\" data-exthumbimage=\"https:\/\/matthiaspopp.com\/portfolio\/wp-content\/uploads\/2025\/10\/matthias-popp-fotografie-editorial-16-160x160.jpg\" class=\"lightbox-active lightbox-image gridblock-sole-link\" data-sub-html=\"&lt;div class=&quot;lightbox-text-wrap &quot;&gt;&lt;\/div&gt;\" href=\"https:\/\/matthiaspopp.com\/portfolio\/wp-content\/uploads\/2025\/10\/matthias-popp-fotografie-editorial-16.jpg\" data-src=\"https:\/\/matthiaspopp.com\/portfolio\/wp-content\/uploads\/2025\/10\/matthias-popp-fotografie-editorial-16.jpg\"><div class=\"gridblock-links-wrap\"><span class=\"column-gridblock-icon\"><span class=\"hover-icon-effect\"><i class=\"ion-ios-search\"><\/i><\/span><\/span><\/div><\/a><\/div><img decoding=\"async\" class=\"preload-image lazyload displayed-image\" src=\"https:\/\/matthiaspopp.com\/portfolio\/wp-content\/themes\/blacksilver\/images\/placeholders\/placeholder-770x550.gif\" data-src=\"https:\/\/matthiaspopp.com\/portfolio\/wp-content\/uploads\/2025\/10\/matthias-popp-fotografie-editorial-16-800x572.jpg\" alt=\"Matthias Popp Fotografie - Editorial Fotograf im Raum Halle Saale, Leipzig, Dresden, Dessau, Bitterfeld, Wittenberg\"><\/div><\/div><div class=\"gridblock-element  grid-animate-display-all isotope-displayed gridblock-thumbnail-id-2067 gridblock-col-3\"><div class=\"gridblock-ajax gridblock-grid-element gridblock-element-inner\" data-rel=\"2281\"><div class=\"gridblock-background-hover\"><a data-elementor-open-lightbox=\"no\" data-exthumbimage=\"https:\/\/matthiaspopp.com\/portfolio\/wp-content\/uploads\/2025\/10\/matthias-popp-fotografie-editorial-02-160x160.jpg\" class=\"lightbox-active lightbox-image gridblock-sole-link\" data-sub-html=\"&lt;div class=&quot;lightbox-text-wrap &quot;&gt;&lt;\/div&gt;\" href=\"https:\/\/matthiaspopp.com\/portfolio\/wp-content\/uploads\/2025\/10\/matthias-popp-fotografie-editorial-02.jpg\" data-src=\"https:\/\/matthiaspopp.com\/portfolio\/wp-content\/uploads\/2025\/10\/matthias-popp-fotografie-editorial-02.jpg\"><div class=\"gridblock-links-wrap\"><span class=\"column-gridblock-icon\"><span class=\"hover-icon-effect\"><i class=\"ion-ios-search\"><\/i><\/span><\/span><\/div><\/a><\/div><img decoding=\"async\" class=\"preload-image lazyload displayed-image\" src=\"https:\/\/matthiaspopp.com\/portfolio\/wp-content\/themes\/blacksilver\/images\/placeholders\/placeholder-770x550.gif\" data-src=\"https:\/\/matthiaspopp.com\/portfolio\/wp-content\/uploads\/2025\/10\/matthias-popp-fotografie-editorial-02-800x1120.jpg\" alt=\"Matthias Popp Fotografie - Editorial Fotograf im Raum Halle Saale, Leipzig, Dresden, Dessau, Bitterfeld, Wittenberg\"><\/div><\/div><div class=\"gridblock-element  grid-animate-display-all isotope-displayed gridblock-thumbnail-id-2069 gridblock-col-1\"><div class=\"gridblock-ajax gridblock-grid-element gridblock-element-inner\" data-rel=\"2281\"><div class=\"gridblock-background-hover\"><a data-elementor-open-lightbox=\"no\" data-exthumbimage=\"https:\/\/matthiaspopp.com\/portfolio\/wp-content\/uploads\/2025\/10\/matthias-popp-fotografie-editorial-04-160x160.jpg\" class=\"lightbox-active lightbox-image gridblock-sole-link\" data-sub-html=\"&lt;div class=&quot;lightbox-text-wrap &quot;&gt;&lt;\/div&gt;\" href=\"https:\/\/matthiaspopp.com\/portfolio\/wp-content\/uploads\/2025\/10\/matthias-popp-fotografie-editorial-04.jpg\" data-src=\"https:\/\/matthiaspopp.com\/portfolio\/wp-content\/uploads\/2025\/10\/matthias-popp-fotografie-editorial-04.jpg\"><div class=\"gridblock-links-wrap\"><span class=\"column-gridblock-icon\"><span class=\"hover-icon-effect\"><i class=\"ion-ios-search\"><\/i><\/span><\/span><\/div><\/a><\/div><img decoding=\"async\" class=\"preload-image lazyload displayed-image\" src=\"https:\/\/matthiaspopp.com\/portfolio\/wp-content\/themes\/blacksilver\/images\/placeholders\/placeholder-770x550.gif\" data-src=\"https:\/\/matthiaspopp.com\/portfolio\/wp-content\/uploads\/2025\/10\/matthias-popp-fotografie-editorial-04-800x1120.jpg\" alt=\"Matthias Popp Fotografie - Editorial Fotograf im Raum Halle Saale, Leipzig, Dresden, Dessau, Bitterfeld, Wittenberg\"><\/div><\/div><div class=\"gridblock-element  grid-animate-display-all isotope-displayed gridblock-thumbnail-id-2073 gridblock-col-2\"><div class=\"gridblock-ajax gridblock-grid-element gridblock-element-inner\" data-rel=\"2281\"><div class=\"gridblock-background-hover\"><a data-elementor-open-lightbox=\"no\" data-exthumbimage=\"https:\/\/matthiaspopp.com\/portfolio\/wp-content\/uploads\/2025\/10\/matthias-popp-fotografie-editorial-08-160x160.jpg\" class=\"lightbox-active lightbox-image gridblock-sole-link\" data-sub-html=\"&lt;div class=&quot;lightbox-text-wrap &quot;&gt;&lt;\/div&gt;\" href=\"https:\/\/matthiaspopp.com\/portfolio\/wp-content\/uploads\/2025\/10\/matthias-popp-fotografie-editorial-08.jpg\" data-src=\"https:\/\/matthiaspopp.com\/portfolio\/wp-content\/uploads\/2025\/10\/matthias-popp-fotografie-editorial-08.jpg\"><div class=\"gridblock-links-wrap\"><span class=\"column-gridblock-icon\"><span class=\"hover-icon-effect\"><i class=\"ion-ios-search\"><\/i><\/span><\/span><\/div><\/a><\/div><img decoding=\"async\" class=\"preload-image lazyload displayed-image\" src=\"https:\/\/matthiaspopp.com\/portfolio\/wp-content\/themes\/blacksilver\/images\/placeholders\/placeholder-770x550.gif\" data-src=\"https:\/\/matthiaspopp.com\/portfolio\/wp-content\/uploads\/2025\/10\/matthias-popp-fotografie-editorial-08-800x1120.jpg\" alt=\"Matthias Popp Fotografie - Editorial Fotograf im Raum Halle Saale, Leipzig, Dresden, Dessau, Bitterfeld, Wittenberg\"><\/div><\/div><div class=\"gridblock-element  grid-animate-display-all isotope-displayed gridblock-thumbnail-id-2074 gridblock-col-3\"><div class=\"gridblock-ajax gridblock-grid-element gridblock-element-inner\" data-rel=\"2281\"><div class=\"gridblock-background-hover\"><a data-elementor-open-lightbox=\"no\" data-exthumbimage=\"https:\/\/matthiaspopp.com\/portfolio\/wp-content\/uploads\/2025\/10\/matthias-popp-fotografie-editorial-09-160x160.jpg\" class=\"lightbox-active lightbox-image gridblock-sole-link\" data-sub-html=\"&lt;div class=&quot;lightbox-text-wrap &quot;&gt;&lt;\/div&gt;\" href=\"https:\/\/matthiaspopp.com\/portfolio\/wp-content\/uploads\/2025\/10\/matthias-popp-fotografie-editorial-09.jpg\" data-src=\"https:\/\/matthiaspopp.com\/portfolio\/wp-content\/uploads\/2025\/10\/matthias-popp-fotografie-editorial-09.jpg\"><div class=\"gridblock-links-wrap\"><span class=\"column-gridblock-icon\"><span class=\"hover-icon-effect\"><i class=\"ion-ios-search\"><\/i><\/span><\/span><\/div><\/a><\/div><img decoding=\"async\" class=\"preload-image lazyload displayed-image\" src=\"https:\/\/matthiaspopp.com\/portfolio\/wp-content\/themes\/blacksilver\/images\/placeholders\/placeholder-770x550.gif\" data-src=\"https:\/\/matthiaspopp.com\/portfolio\/wp-content\/uploads\/2025\/10\/matthias-popp-fotografie-editorial-09-800x572.jpg\" alt=\"G\u00f6rliwood - Matthias Popp Fotografie - Editorial Fotograf im Raum Halle Saale, Leipzig, Dresden, Dessau, Bitterfeld, Wittenberg\"><\/div><\/div><div class=\"gridblock-element  grid-animate-display-all isotope-displayed gridblock-thumbnail-id-2085 gridblock-col-1\"><div class=\"gridblock-ajax gridblock-grid-element gridblock-element-inner\" data-rel=\"2281\"><div class=\"gridblock-background-hover\"><a data-elementor-open-lightbox=\"no\" data-exthumbimage=\"https:\/\/matthiaspopp.com\/portfolio\/wp-content\/uploads\/2025\/10\/matthias-popp-fotografie-editorial-20-160x160.jpg\" class=\"lightbox-active lightbox-image gridblock-sole-link\" data-sub-html=\"&lt;div class=&quot;lightbox-text-wrap &quot;&gt;&lt;\/div&gt;\" href=\"https:\/\/matthiaspopp.com\/portfolio\/wp-content\/uploads\/2025\/10\/matthias-popp-fotografie-editorial-20.jpg\" data-src=\"https:\/\/matthiaspopp.com\/portfolio\/wp-content\/uploads\/2025\/10\/matthias-popp-fotografie-editorial-20.jpg\"><div class=\"gridblock-links-wrap\"><span class=\"column-gridblock-icon\"><span class=\"hover-icon-effect\"><i class=\"ion-ios-search\"><\/i><\/span><\/span><\/div><\/a><\/div><img decoding=\"async\" class=\"preload-image lazyload displayed-image\" src=\"https:\/\/matthiaspopp.com\/portfolio\/wp-content\/themes\/blacksilver\/images\/placeholders\/placeholder-770x550.gif\" data-src=\"https:\/\/matthiaspopp.com\/portfolio\/wp-content\/uploads\/2025\/10\/matthias-popp-fotografie-editorial-20-800x572.jpg\" alt=\"Matthias Popp Fotografie - Editorial Fotograf im Raum Halle Saale, Leipzig, Dresden, Dessau, Bitterfeld, Wittenberg\"><\/div><\/div><div class=\"gridblock-element  grid-animate-display-all isotope-displayed gridblock-thumbnail-id-2077 gridblock-col-2\"><div class=\"gridblock-ajax gridblock-grid-element gridblock-element-inner\" data-rel=\"2281\"><div class=\"gridblock-background-hover\"><a data-elementor-open-lightbox=\"no\" data-exthumbimage=\"https:\/\/matthiaspopp.com\/portfolio\/wp-content\/uploads\/2025\/10\/matthias-popp-fotografie-editorial-12-160x160.jpg\" class=\"lightbox-active lightbox-image gridblock-sole-link\" data-sub-html=\"&lt;div class=&quot;lightbox-text-wrap &quot;&gt;&lt;\/div&gt;\" href=\"https:\/\/matthiaspopp.com\/portfolio\/wp-content\/uploads\/2025\/10\/matthias-popp-fotografie-editorial-12.jpg\" data-src=\"https:\/\/matthiaspopp.com\/portfolio\/wp-content\/uploads\/2025\/10\/matthias-popp-fotografie-editorial-12.jpg\"><div class=\"gridblock-links-wrap\"><span class=\"column-gridblock-icon\"><span class=\"hover-icon-effect\"><i class=\"ion-ios-search\"><\/i><\/span><\/span><\/div><\/a><\/div><img decoding=\"async\" class=\"preload-image lazyload displayed-image\" src=\"https:\/\/matthiaspopp.com\/portfolio\/wp-content\/themes\/blacksilver\/images\/placeholders\/placeholder-770x550.gif\" data-src=\"https:\/\/matthiaspopp.com\/portfolio\/wp-content\/uploads\/2025\/10\/matthias-popp-fotografie-editorial-12-800x571.jpg\" alt=\"Matthias Popp Fotografie - Editorial Fotograf im Raum Halle Saale, Leipzig, Dresden, Dessau, Bitterfeld, Wittenberg\"><\/div><\/div><div class=\"gridblock-element  grid-animate-display-all isotope-displayed gridblock-thumbnail-id-2082 gridblock-col-3\"><div class=\"gridblock-ajax gridblock-grid-element gridblock-element-inner\" data-rel=\"2281\"><div class=\"gridblock-background-hover\"><a data-elementor-open-lightbox=\"no\" data-exthumbimage=\"https:\/\/matthiaspopp.com\/portfolio\/wp-content\/uploads\/2025\/10\/matthias-popp-fotografie-editorial-17-160x160.jpg\" class=\"lightbox-active lightbox-image gridblock-sole-link\" data-sub-html=\"&lt;div class=&quot;lightbox-text-wrap &quot;&gt;&lt;\/div&gt;\" href=\"https:\/\/matthiaspopp.com\/portfolio\/wp-content\/uploads\/2025\/10\/matthias-popp-fotografie-editorial-17.jpg\" data-src=\"https:\/\/matthiaspopp.com\/portfolio\/wp-content\/uploads\/2025\/10\/matthias-popp-fotografie-editorial-17.jpg\"><div class=\"gridblock-links-wrap\"><span class=\"column-gridblock-icon\"><span class=\"hover-icon-effect\"><i class=\"ion-ios-search\"><\/i><\/span><\/span><\/div><\/a><\/div><img decoding=\"async\" class=\"preload-image lazyload displayed-image\" src=\"https:\/\/matthiaspopp.com\/portfolio\/wp-content\/themes\/blacksilver\/images\/placeholders\/placeholder-770x550.gif\" data-src=\"https:\/\/matthiaspopp.com\/portfolio\/wp-content\/uploads\/2025\/10\/matthias-popp-fotografie-editorial-17-800x1120.jpg\" alt=\"Matthias Popp Fotografie - Editorial Fotograf im Raum Halle Saale, Leipzig, Dresden, Dessau, Bitterfeld, Wittenberg\"><\/div><\/div><div class=\"gridblock-element  grid-animate-display-all isotope-displayed gridblock-thumbnail-id-2083 gridblock-col-1\"><div class=\"gridblock-ajax gridblock-grid-element gridblock-element-inner\" data-rel=\"2281\"><div class=\"gridblock-background-hover\"><a data-elementor-open-lightbox=\"no\" data-exthumbimage=\"https:\/\/matthiaspopp.com\/portfolio\/wp-content\/uploads\/2025\/10\/matthias-popp-fotografie-editorial-18-160x160.jpg\" class=\"lightbox-active lightbox-image gridblock-sole-link\" data-sub-html=\"&lt;div class=&quot;lightbox-text-wrap &quot;&gt;&lt;\/div&gt;\" href=\"https:\/\/matthiaspopp.com\/portfolio\/wp-content\/uploads\/2025\/10\/matthias-popp-fotografie-editorial-18.jpg\" data-src=\"https:\/\/matthiaspopp.com\/portfolio\/wp-content\/uploads\/2025\/10\/matthias-popp-fotografie-editorial-18.jpg\"><div class=\"gridblock-links-wrap\"><span class=\"column-gridblock-icon\"><span class=\"hover-icon-effect\"><i class=\"ion-ios-search\"><\/i><\/span><\/span><\/div><\/a><\/div><img decoding=\"async\" class=\"preload-image lazyload displayed-image\" src=\"https:\/\/matthiaspopp.com\/portfolio\/wp-content\/themes\/blacksilver\/images\/placeholders\/placeholder-770x550.gif\" data-src=\"https:\/\/matthiaspopp.com\/portfolio\/wp-content\/uploads\/2025\/10\/matthias-popp-fotografie-editorial-18-800x1120.jpg\" alt=\"Matthias Popp Fotografie - Editorial Fotograf im Raum Halle Saale, Leipzig, Dresden, Dessau, Bitterfeld, Wittenberg\"><\/div><\/div><div class=\"gridblock-element  grid-animate-display-all isotope-displayed gridblock-thumbnail-id-2068 gridblock-col-2\"><div class=\"gridblock-ajax gridblock-grid-element gridblock-element-inner\" data-rel=\"2281\"><div class=\"gridblock-background-hover\"><a data-elementor-open-lightbox=\"no\" data-exthumbimage=\"https:\/\/matthiaspopp.com\/portfolio\/wp-content\/uploads\/2025\/10\/matthias-popp-fotografie-editorial-03-160x160.jpg\" class=\"lightbox-active lightbox-image gridblock-sole-link\" data-sub-html=\"&lt;div class=&quot;lightbox-text-wrap &quot;&gt;&lt;\/div&gt;\" href=\"https:\/\/matthiaspopp.com\/portfolio\/wp-content\/uploads\/2025\/10\/matthias-popp-fotografie-editorial-03.jpg\" data-src=\"https:\/\/matthiaspopp.com\/portfolio\/wp-content\/uploads\/2025\/10\/matthias-popp-fotografie-editorial-03.jpg\"><div class=\"gridblock-links-wrap\"><span class=\"column-gridblock-icon\"><span class=\"hover-icon-effect\"><i class=\"ion-ios-search\"><\/i><\/span><\/span><\/div><\/a><\/div><img decoding=\"async\" class=\"preload-image lazyload displayed-image\" src=\"https:\/\/matthiaspopp.com\/portfolio\/wp-content\/themes\/blacksilver\/images\/placeholders\/placeholder-770x550.gif\" data-src=\"https:\/\/matthiaspopp.com\/portfolio\/wp-content\/uploads\/2025\/10\/matthias-popp-fotografie-editorial-03-800x1120.jpg\" alt=\"Matthias Popp Fotografie - Editorial Fotograf im Raum Halle Saale, Leipzig, Dresden, Dessau, Bitterfeld, Wittenberg\"><\/div><\/div><div class=\"gridblock-element  grid-animate-display-all isotope-displayed gridblock-thumbnail-id-2084 gridblock-col-3\"><div class=\"gridblock-ajax gridblock-grid-element gridblock-element-inner\" data-rel=\"2281\"><div class=\"gridblock-background-hover\"><a data-elementor-open-lightbox=\"no\" data-exthumbimage=\"https:\/\/matthiaspopp.com\/portfolio\/wp-content\/uploads\/2025\/10\/matthias-popp-fotografie-editorial-19-160x160.jpg\" class=\"lightbox-active lightbox-image gridblock-sole-link\" data-sub-html=\"&lt;div class=&quot;lightbox-text-wrap &quot;&gt;&lt;\/div&gt;\" href=\"https:\/\/matthiaspopp.com\/portfolio\/wp-content\/uploads\/2025\/10\/matthias-popp-fotografie-editorial-19.jpg\" data-src=\"https:\/\/matthiaspopp.com\/portfolio\/wp-content\/uploads\/2025\/10\/matthias-popp-fotografie-editorial-19.jpg\"><div class=\"gridblock-links-wrap\"><span class=\"column-gridblock-icon\"><span class=\"hover-icon-effect\"><i class=\"ion-ios-search\"><\/i><\/span><\/span><\/div><\/a><\/div><img decoding=\"async\" class=\"preload-image lazyload displayed-image\" src=\"https:\/\/matthiaspopp.com\/portfolio\/wp-content\/themes\/blacksilver\/images\/placeholders\/placeholder-770x550.gif\" data-src=\"https:\/\/matthiaspopp.com\/portfolio\/wp-content\/uploads\/2025\/10\/matthias-popp-fotografie-editorial-19-800x1120.jpg\" alt=\"Matthias Popp Fotografie - Editorial Fotograf im Raum Halle Saale, Leipzig, Dresden, Dessau, Bitterfeld, Wittenberg\"><\/div><\/div><div class=\"gridblock-element  grid-animate-display-all isotope-displayed gridblock-thumbnail-id-2594 gridblock-col-1\"><div class=\"gridblock-ajax gridblock-grid-element gridblock-element-inner\" data-rel=\"2281\"><div class=\"gridblock-background-hover\"><a data-elementor-open-lightbox=\"no\" data-exthumbimage=\"https:\/\/matthiaspopp.com\/portfolio\/wp-content\/uploads\/2025\/10\/matthias-popp-fotografie-editorial-22-160x160.jpg\" class=\"lightbox-active lightbox-image gridblock-sole-link\" data-sub-html=\"&lt;div class=&quot;lightbox-text-wrap &quot;&gt;&lt;\/div&gt;\" href=\"https:\/\/matthiaspopp.com\/portfolio\/wp-content\/uploads\/2025\/10\/matthias-popp-fotografie-editorial-22.jpg\" data-src=\"https:\/\/matthiaspopp.com\/portfolio\/wp-content\/uploads\/2025\/10\/matthias-popp-fotografie-editorial-22.jpg\"><div class=\"gridblock-links-wrap\"><span class=\"column-gridblock-icon\"><span class=\"hover-icon-effect\"><i class=\"ion-ios-search\"><\/i><\/span><\/span><\/div><\/a><\/div><img decoding=\"async\" class=\"preload-image lazyload displayed-image\" src=\"https:\/\/matthiaspopp.com\/portfolio\/wp-content\/themes\/blacksilver\/images\/placeholders\/placeholder-770x550.gif\" data-src=\"https:\/\/matthiaspopp.com\/portfolio\/wp-content\/uploads\/2025\/10\/matthias-popp-fotografie-editorial-22-800x572.jpg\" alt=\"Matthias Popp Fotografie - Editorial Fotograf im Raum Halle Saale, Leipzig, Dresden, Dessau, Bitterfeld, Wittenberg\"><\/div><\/div><div class=\"gridblock-element  grid-animate-display-all isotope-displayed gridblock-thumbnail-id-2072 gridblock-col-2\"><div class=\"gridblock-ajax gridblock-grid-element gridblock-element-inner\" data-rel=\"2281\"><div class=\"gridblock-background-hover\"><a data-elementor-open-lightbox=\"no\" data-exthumbimage=\"https:\/\/matthiaspopp.com\/portfolio\/wp-content\/uploads\/2025\/10\/matthias-popp-fotografie-editorial-07-160x160.jpg\" class=\"lightbox-active lightbox-image gridblock-sole-link\" data-sub-html=\"&lt;div class=&quot;lightbox-text-wrap &quot;&gt;&lt;\/div&gt;\" href=\"https:\/\/matthiaspopp.com\/portfolio\/wp-content\/uploads\/2025\/10\/matthias-popp-fotografie-editorial-07.jpg\" data-src=\"https:\/\/matthiaspopp.com\/portfolio\/wp-content\/uploads\/2025\/10\/matthias-popp-fotografie-editorial-07.jpg\"><div class=\"gridblock-links-wrap\"><span class=\"column-gridblock-icon\"><span class=\"hover-icon-effect\"><i class=\"ion-ios-search\"><\/i><\/span><\/span><\/div><\/a><\/div><img decoding=\"async\" class=\"preload-image lazyload displayed-image\" src=\"https:\/\/matthiaspopp.com\/portfolio\/wp-content\/themes\/blacksilver\/images\/placeholders\/placeholder-770x550.gif\" data-src=\"https:\/\/matthiaspopp.com\/portfolio\/wp-content\/uploads\/2025\/10\/matthias-popp-fotografie-editorial-07-800x572.jpg\" alt=\"Matthias Popp Fotografie - Editorial Fotograf im Raum Halle Saale, Leipzig, Dresden, Dessau, Bitterfeld, Wittenberg\"><\/div><\/div><\/div><\/div>\t\t\t\t<\/div>\n\t\t\t\t<\/div>\n\t\t\t\t<\/div>\n\t\t\t\t<\/div>\n\t\t","protected":false},"excerpt":{"rendered":"","protected":false},"author":1,"featured_media":1994,"parent":0,"menu_order":0,"comment_status":"closed","ping_status":"closed","template":"","meta":{"footnotes":""},"class_list":["post-2281","page","type-page","status-publish","has-post-thumbnail","hentry"],"yoast_head":"<!-- This site is optimized with the Yoast SEO plugin v26.2 - https:\/\/yoast.com\/wordpress\/plugins\/seo\/ -->\n<title>MATTHIAS POPP FOTOGRAFIE | Moderne Editorial Fotografie + dokumentarische Fotoreportagen<\/title>\n<meta name=\"description\" content=\"Professioneller Fotograf f\u00fcr Editorials + dokumentarische Fotoreportagen | Halle \/ Leipzig \/ Dresden \/ Dessau \/ Bitterfeld \/ Wittenberg\" \/>\n<meta name=\"robots\" content=\"index, follow, max-snippet:-1, max-image-preview:large, max-video-preview:-1\" \/>\n<link rel=\"canonical\" href=\"https:\/\/matthiaspopp.com\/portfolio\/editorial\/\" \/>\n<meta property=\"og:locale\" content=\"de_DE\" \/>\n<meta property=\"og:type\" content=\"article\" \/>\n<meta property=\"og:title\" content=\"MATTHIAS POPP FOTOGRAFIE | Moderne Editorial Fotografie + dokumentarische Fotoreportagen\" \/>\n<meta property=\"og:description\" content=\"Professioneller Fotograf f\u00fcr Editorials + dokumentarische Fotoreportagen | Halle \/ Leipzig \/ Dresden \/ Dessau \/ Bitterfeld \/ Wittenberg\" \/>\n<meta property=\"og:url\" content=\"https:\/\/matthiaspopp.com\/portfolio\/editorial\/\" \/>\n<meta property=\"og:site_name\" content=\"MATTHIAS POPP FOTOGRAFIE\" \/>\n<meta property=\"article:modified_time\" content=\"2025-10-31T19:11:41+00:00\" \/>\n<meta property=\"og:image\" content=\"https:\/\/matthiaspopp.com\/portfolio\/wp-content\/uploads\/2025\/10\/matthias-popp-fotografie.jpg\" \/>\n\t<meta property=\"og:image:width\" content=\"1000\" \/>\n\t<meta property=\"og:image:height\" content=\"1000\" \/>\n\t<meta property=\"og:image:type\" content=\"image\/jpeg\" \/>\n<meta name=\"twitter:card\" content=\"summary_large_image\" \/>\n<meta name=\"twitter:label1\" content=\"Gesch\u00e4tzte Lesezeit\" \/>\n\t<meta name=\"twitter:data1\" content=\"5\u00a0Minuten\" \/>\n<script type=\"application\/ld+json\" class=\"yoast-schema-graph\">{\"@context\":\"https:\/\/schema.org\",\"@graph\":[{\"@type\":\"WebPage\",\"@id\":\"https:\/\/matthiaspopp.com\/portfolio\/editorial\/\",\"url\":\"https:\/\/matthiaspopp.com\/portfolio\/editorial\/\",\"name\":\"MATTHIAS POPP FOTOGRAFIE | Moderne Editorial Fotografie + dokumentarische Fotoreportagen\",\"isPartOf\":{\"@id\":\"https:\/\/matthiaspopp.com\/portfolio\/#website\"},\"primaryImageOfPage\":{\"@id\":\"https:\/\/matthiaspopp.com\/portfolio\/editorial\/#primaryimage\"},\"image\":{\"@id\":\"https:\/\/matthiaspopp.com\/portfolio\/editorial\/#primaryimage\"},\"thumbnailUrl\":\"https:\/\/matthiaspopp.com\/portfolio\/wp-content\/uploads\/2025\/10\/matthias-popp-fotografie.jpg\",\"datePublished\":\"2025-10-29T19:51:18+00:00\",\"dateModified\":\"2025-10-31T19:11:41+00:00\",\"description\":\"Professioneller Fotograf f\u00fcr Editorials + dokumentarische Fotoreportagen | Halle \/ Leipzig \/ Dresden \/ Dessau \/ Bitterfeld \/ Wittenberg\",\"breadcrumb\":{\"@id\":\"https:\/\/matthiaspopp.com\/portfolio\/editorial\/#breadcrumb\"},\"inLanguage\":\"de\",\"potentialAction\":[{\"@type\":\"ReadAction\",\"target\":[\"https:\/\/matthiaspopp.com\/portfolio\/editorial\/\"]}]},{\"@type\":\"ImageObject\",\"inLanguage\":\"de\",\"@id\":\"https:\/\/matthiaspopp.com\/portfolio\/editorial\/#primaryimage\",\"url\":\"https:\/\/matthiaspopp.com\/portfolio\/wp-content\/uploads\/2025\/10\/matthias-popp-fotografie.jpg\",\"contentUrl\":\"https:\/\/matthiaspopp.com\/portfolio\/wp-content\/uploads\/2025\/10\/matthias-popp-fotografie.jpg\",\"width\":1000,\"height\":1000,\"caption\":\"Fotograf Matthias Popp\"},{\"@type\":\"BreadcrumbList\",\"@id\":\"https:\/\/matthiaspopp.com\/portfolio\/editorial\/#breadcrumb\",\"itemListElement\":[{\"@type\":\"ListItem\",\"position\":1,\"name\":\"Startseite\",\"item\":\"https:\/\/matthiaspopp.com\/portfolio\/\"},{\"@type\":\"ListItem\",\"position\":2,\"name\":\"EDITORIAL\"}]},{\"@type\":\"WebSite\",\"@id\":\"https:\/\/matthiaspopp.com\/portfolio\/#website\",\"url\":\"https:\/\/matthiaspopp.com\/portfolio\/\",\"name\":\"matthiaspopp.com\",\"description\":\"Fotograf f\u00fcr Unternehmen + Marken + Image | Businessfotograf in Sachsen + Sachsen-Anhalt\",\"publisher\":{\"@id\":\"https:\/\/matthiaspopp.com\/portfolio\/#organization\"},\"potentialAction\":[{\"@type\":\"SearchAction\",\"target\":{\"@type\":\"EntryPoint\",\"urlTemplate\":\"https:\/\/matthiaspopp.com\/portfolio\/?s={search_term_string}\"},\"query-input\":{\"@type\":\"PropertyValueSpecification\",\"valueRequired\":true,\"valueName\":\"search_term_string\"}}],\"inLanguage\":\"de\"},{\"@type\":\"Organization\",\"@id\":\"https:\/\/matthiaspopp.com\/portfolio\/#organization\",\"name\":\"matthiaspopp.com\",\"url\":\"https:\/\/matthiaspopp.com\/portfolio\/\",\"logo\":{\"@type\":\"ImageObject\",\"inLanguage\":\"de\",\"@id\":\"https:\/\/matthiaspopp.com\/portfolio\/#\/schema\/logo\/image\/\",\"url\":\"https:\/\/matthiaspopp.com\/portfolio\/wp-content\/uploads\/2025\/10\/logo-mp-fotografie-1.png\",\"contentUrl\":\"https:\/\/matthiaspopp.com\/portfolio\/wp-content\/uploads\/2025\/10\/logo-mp-fotografie-1.png\",\"width\":800,\"height\":185,\"caption\":\"matthiaspopp.com\"},\"image\":{\"@id\":\"https:\/\/matthiaspopp.com\/portfolio\/#\/schema\/logo\/image\/\"}}]}<\/script>\n<!-- \/ Yoast SEO plugin. -->","yoast_head_json":{"title":"MATTHIAS POPP FOTOGRAFIE | Moderne Editorial Fotografie + dokumentarische Fotoreportagen","description":"Professioneller Fotograf f\u00fcr Editorials + dokumentarische Fotoreportagen | Halle \/ Leipzig \/ Dresden \/ Dessau \/ Bitterfeld \/ Wittenberg","robots":{"index":"index","follow":"follow","max-snippet":"max-snippet:-1","max-image-preview":"max-image-preview:large","max-video-preview":"max-video-preview:-1"},"canonical":"https:\/\/matthiaspopp.com\/portfolio\/editorial\/","og_locale":"de_DE","og_type":"article","og_title":"MATTHIAS POPP FOTOGRAFIE | Moderne Editorial Fotografie + dokumentarische Fotoreportagen","og_description":"Professioneller Fotograf f\u00fcr Editorials + dokumentarische Fotoreportagen | Halle \/ Leipzig \/ Dresden \/ Dessau \/ Bitterfeld \/ Wittenberg","og_url":"https:\/\/matthiaspopp.com\/portfolio\/editorial\/","og_site_name":"MATTHIAS POPP FOTOGRAFIE","article_modified_time":"2025-10-31T19:11:41+00:00","og_image":[{"width":1000,"height":1000,"url":"https:\/\/matthiaspopp.com\/portfolio\/wp-content\/uploads\/2025\/10\/matthias-popp-fotografie.jpg","type":"image\/jpeg"}],"twitter_card":"summary_large_image","twitter_misc":{"Gesch\u00e4tzte Lesezeit":"5\u00a0Minuten"},"schema":{"@context":"https:\/\/schema.org","@graph":[{"@type":"WebPage","@id":"https:\/\/matthiaspopp.com\/portfolio\/editorial\/","url":"https:\/\/matthiaspopp.com\/portfolio\/editorial\/","name":"MATTHIAS POPP FOTOGRAFIE | Moderne Editorial Fotografie + dokumentarische Fotoreportagen","isPartOf":{"@id":"https:\/\/matthiaspopp.com\/portfolio\/#website"},"primaryImageOfPage":{"@id":"https:\/\/matthiaspopp.com\/portfolio\/editorial\/#primaryimage"},"image":{"@id":"https:\/\/matthiaspopp.com\/portfolio\/editorial\/#primaryimage"},"thumbnailUrl":"https:\/\/matthiaspopp.com\/portfolio\/wp-content\/uploads\/2025\/10\/matthias-popp-fotografie.jpg","datePublished":"2025-10-29T19:51:18+00:00","dateModified":"2025-10-31T19:11:41+00:00","description":"Professioneller Fotograf f\u00fcr Editorials + dokumentarische Fotoreportagen | Halle \/ Leipzig \/ Dresden \/ Dessau \/ Bitterfeld \/ Wittenberg","breadcrumb":{"@id":"https:\/\/matthiaspopp.com\/portfolio\/editorial\/#breadcrumb"},"inLanguage":"de","potentialAction":[{"@type":"ReadAction","target":["https:\/\/matthiaspopp.com\/portfolio\/editorial\/"]}]},{"@type":"ImageObject","inLanguage":"de","@id":"https:\/\/matthiaspopp.com\/portfolio\/editorial\/#primaryimage","url":"https:\/\/matthiaspopp.com\/portfolio\/wp-content\/uploads\/2025\/10\/matthias-popp-fotografie.jpg","contentUrl":"https:\/\/matthiaspopp.com\/portfolio\/wp-content\/uploads\/2025\/10\/matthias-popp-fotografie.jpg","width":1000,"height":1000,"caption":"Fotograf Matthias Popp"},{"@type":"BreadcrumbList","@id":"https:\/\/matthiaspopp.com\/portfolio\/editorial\/#breadcrumb","itemListElement":[{"@type":"ListItem","position":1,"name":"Startseite","item":"https:\/\/matthiaspopp.com\/portfolio\/"},{"@type":"ListItem","position":2,"name":"EDITORIAL"}]},{"@type":"WebSite","@id":"https:\/\/matthiaspopp.com\/portfolio\/#website","url":"https:\/\/matthiaspopp.com\/portfolio\/","name":"matthiaspopp.com","description":"Fotograf f\u00fcr Unternehmen + Marken + Image | Businessfotograf in Sachsen + Sachsen-Anhalt","publisher":{"@id":"https:\/\/matthiaspopp.com\/portfolio\/#organization"},"potentialAction":[{"@type":"SearchAction","target":{"@type":"EntryPoint","urlTemplate":"https:\/\/matthiaspopp.com\/portfolio\/?s={search_term_string}"},"query-input":{"@type":"PropertyValueSpecification","valueRequired":true,"valueName":"search_term_string"}}],"inLanguage":"de"},{"@type":"Organization","@id":"https:\/\/matthiaspopp.com\/portfolio\/#organization","name":"matthiaspopp.com","url":"https:\/\/matthiaspopp.com\/portfolio\/","logo":{"@type":"ImageObject","inLanguage":"de","@id":"https:\/\/matthiaspopp.com\/portfolio\/#\/schema\/logo\/image\/","url":"https:\/\/matthiaspopp.com\/portfolio\/wp-content\/uploads\/2025\/10\/logo-mp-fotografie-1.png","contentUrl":"https:\/\/matthiaspopp.com\/portfolio\/wp-content\/uploads\/2025\/10\/logo-mp-fotografie-1.png","width":800,"height":185,"caption":"matthiaspopp.com"},"image":{"@id":"https:\/\/matthiaspopp.com\/portfolio\/#\/schema\/logo\/image\/"}}]}},"_links":{"self":[{"href":"https:\/\/matthiaspopp.com\/portfolio\/wp-json\/wp\/v2\/pages\/2281","targetHints":{"allow":["GET"]}}],"collection":[{"href":"https:\/\/matthiaspopp.com\/portfolio\/wp-json\/wp\/v2\/pages"}],"about":[{"href":"https:\/\/matthiaspopp.com\/portfolio\/wp-json\/wp\/v2\/types\/page"}],"author":[{"embeddable":true,"href":"https:\/\/matthiaspopp.com\/portfolio\/wp-json\/wp\/v2\/users\/1"}],"replies":[{"embeddable":true,"href":"https:\/\/matthiaspopp.com\/portfolio\/wp-json\/wp\/v2\/comments?post=2281"}],"version-history":[{"count":10,"href":"https:\/\/matthiaspopp.com\/portfolio\/wp-json\/wp\/v2\/pages\/2281\/revisions"}],"predecessor-version":[{"id":2717,"href":"https:\/\/matthiaspopp.com\/portfolio\/wp-json\/wp\/v2\/pages\/2281\/revisions\/2717"}],"wp:featuredmedia":[{"embeddable":true,"href":"https:\/\/matthiaspopp.com\/portfolio\/wp-json\/wp\/v2\/media\/1994"}],"wp:attachment":[{"href":"https:\/\/matthiaspopp.com\/portfolio\/wp-json\/wp\/v2\/media?parent=2281"}],"curies":[{"name":"wp","href":"https:\/\/api.w.org\/{rel}","templated":true}]}}