{"id":2610,"date":"2025-10-30T20:18:51","date_gmt":"2025-10-30T19:18:51","guid":{"rendered":"https:\/\/matthiaspopp.com\/portfolio\/?page_id=2610"},"modified":"2025-10-31T23:10:53","modified_gmt":"2025-10-31T22:10:53","slug":"home","status":"publish","type":"page","link":"https:\/\/matthiaspopp.com\/portfolio\/","title":{"rendered":"HOME"},"content":{"rendered":"\t\t<div data-elementor-type=\"wp-page\" data-elementor-id=\"2610\" class=\"elementor elementor-2610\">\n\t\t\t\t<div class=\"elementor-element elementor-element-78e2133 e-con-full e-flex e-con e-parent\" data-id=\"78e2133\" data-element_type=\"container\">\n\t\t\t\t<div class=\"elementor-element elementor-element-39bad1a carousel-dots-no carousel-arrow-shape-default elementor-widget elementor-widget-slideshow-carousel\" data-id=\"39bad1a\" data-element_type=\"widget\" data-widget_type=\"slideshow-carousel.default\">\n\t\t\t\t<div class=\"elementor-widget-container\">\n\t\t\t\t\t<div class=\"gridblock-owlcarousel-wrap clearfix\"><div id=\"2610-69f1ac9ad802f\" class=\"owl-carousel owl-slideshow-element owl-carousel-detect owl-carousel-type-slideshow\" data-autoplaytimeout=\"2500\" data-smartspeed=\"1\" data-id=\"2610-69f1ac9ad802f\" data-autoplay=\"true\" data-lazyload=\"false\" data-type=\"slideshow\"><div class=\"gridblock-slideshow-element\"><img decoding=\"async\" src=\"https:\/\/matthiaspopp.com\/portfolio\/wp-content\/uploads\/2025\/10\/matthias-popp-fotografie-imagefotografie-08-1.jpg\" alt=\"Imagefotografie. Matthias Popp Fotografie. Fotograf im Raum Halle Saale, Leipzig, Dresden, Dessau, Bitterfeld, Wittenberg\" class=\"owl-slide-image\"\/><div class=\"slideshow-owl-title\">matthias-popp-fotografie-imagefotografie-08<\/div><\/div><div class=\"gridblock-slideshow-element\"><img decoding=\"async\" src=\"https:\/\/matthiaspopp.com\/portfolio\/wp-content\/uploads\/2025\/10\/matthias-popp-fotografie-mitarbeiter-portrait-alexander-poetzsch-architekturen-002.jpg\" alt=\"Imagefotografie - Matthias Popp Fotografie - Fotograf im Raum Halle Saale, Leipzig, Dresden, Dessau, Bitterfeld, Wittenberg\" class=\"owl-slide-image\"\/><div class=\"slideshow-owl-title\">matthias-popp-fotografie-mitarbeiter-portrait-alexander-poetzsch-architekturen-002<\/div><\/div><div class=\"gridblock-slideshow-element\"><img decoding=\"async\" src=\"https:\/\/matthiaspopp.com\/portfolio\/wp-content\/uploads\/2025\/10\/matthias-popp-fotografie-portrait-moritz-bleibtreu-1.jpg\" alt=\"Portrait Moritz Bleibtreu - Matthias Popp Fotografie - People Fotograf im Raum Halle Saale, Leipzig, Dresden, Dessau, Bitterfeld, Wittenberg\" class=\"owl-slide-image\"\/><div class=\"slideshow-owl-title\">matthias-popp-fotografie-portrait-moritz-bleibtreu<\/div><\/div><div class=\"gridblock-slideshow-element\"><img decoding=\"async\" src=\"https:\/\/matthiaspopp.com\/portfolio\/wp-content\/uploads\/2025\/10\/matthias-popp-fotografie-industrie-07.jpg\" alt=\"Matthias Popp Fotografie f\u00fcr Industrie und Handwerk - Fotograf im Raum Halle Saale, Leipzig, Dresden, Dessau, Bitterfeld, Wittenberg\" class=\"owl-slide-image\"\/><div class=\"slideshow-owl-title\">matthias-popp-fotografie-industrie-07<\/div><\/div><div class=\"gridblock-slideshow-element\"><img decoding=\"async\" src=\"https:\/\/matthiaspopp.com\/portfolio\/wp-content\/uploads\/2025\/10\/matthias-popp-fotografie-industrie-16.jpg\" alt=\"Matthias Popp Fotografie f\u00fcr Industrie und Handwerk - Fotograf im Raum Halle Saale, Leipzig, Dresden, Dessau, Bitterfeld, Wittenberg\" class=\"owl-slide-image\"\/><div class=\"slideshow-owl-title\">matthias-popp-fotografie-industrie-16<\/div><\/div><div class=\"gridblock-slideshow-element\"><img decoding=\"async\" src=\"https:\/\/matthiaspopp.com\/portfolio\/wp-content\/uploads\/2025\/10\/matthias-popp-fotografie-konzert-polarkreis-18-01-1.jpg\" alt=\"Konzert Eventfotografie. Fotograf Matthias Popp in Halle Saale, Leipzig, Dresden, Dessau, Bitterfeld, Wittenberg\" class=\"owl-slide-image\"\/><div class=\"slideshow-owl-title\">matthias-popp-fotografie-konzert-polarkreis-18-01<\/div><\/div><div class=\"gridblock-slideshow-element\"><img decoding=\"async\" src=\"https:\/\/matthiaspopp.com\/portfolio\/wp-content\/uploads\/2025\/10\/matthias-popp-fotografie-polarkreis18-cover-the-colour-of-snow-1.jpg\" alt=\"Allein allein - Albumcover Polarkreis 18 - Fotograf Matthias Popp\" class=\"owl-slide-image\"\/><div class=\"slideshow-owl-title\">matthias-popp-fotografie-polarkreis18-cover-the-colour-of-snow<\/div><\/div><div class=\"gridblock-slideshow-element\"><img decoding=\"async\" src=\"https:\/\/matthiaspopp.com\/portfolio\/wp-content\/uploads\/2025\/10\/matthias-popp-fotografie-mitarbeiter-portraits-apa-1.jpg\" alt=\"Matthias Popp Fotografie. Business Portrait Mitarbeiter. Fotograf im Raum Halle Saale, Leipzig, Dresden, Dessau, Bitterfeld, Wittenberg\" class=\"owl-slide-image\"\/><div class=\"slideshow-owl-title\">matthias-popp-fotografie-mitarbeiter-portraits-apa<\/div><\/div><div class=\"gridblock-slideshow-element\"><img decoding=\"async\" src=\"https:\/\/matthiaspopp.com\/portfolio\/wp-content\/uploads\/2025\/10\/matthias-popp-fotografie-mitarbeiter-portrait-alexander-poetzsch-architekturen-001.jpg\" alt=\"Imagefotografie - Matthias Popp Fotografie - Fotograf im Raum Halle Saale, Leipzig, Dresden, Dessau, Bitterfeld, Wittenberg\" class=\"owl-slide-image\"\/><div class=\"slideshow-owl-title\">matthias-popp-fotografie-mitarbeiter-portrait-alexander-poetzsch-architekturen-001<\/div><\/div><div class=\"gridblock-slideshow-element\"><img decoding=\"async\" src=\"https:\/\/matthiaspopp.com\/portfolio\/wp-content\/uploads\/2025\/10\/matthias-popp-fotografie-editorial-09.jpg\" alt=\"G\u00f6rliwood - Matthias Popp Fotografie - Editorial Fotograf im Raum Halle Saale, Leipzig, Dresden, Dessau, Bitterfeld, Wittenberg\" class=\"owl-slide-image\"\/><div class=\"slideshow-owl-title\">matthias-popp-fotografie-editorial-09<\/div><\/div><div class=\"gridblock-slideshow-element\"><img decoding=\"async\" src=\"https:\/\/matthiaspopp.com\/portfolio\/wp-content\/uploads\/2025\/10\/matthias-popp-fotografie-imagefotografie-rewe-01-1.jpg\" alt=\"Mitarbeiter REWE - Matthias Popp Fotografie - Fotograf im Raum Halle Saale, Leipzig, Dresden, Dessau, Bitterfeld, Wittenberg\" class=\"owl-slide-image\"\/><div class=\"slideshow-owl-title\">matthias-popp-fotografie-imagefotografie-rewe-01<\/div><\/div><div class=\"gridblock-slideshow-element\"><img decoding=\"async\" src=\"https:\/\/matthiaspopp.com\/portfolio\/wp-content\/uploads\/2025\/10\/matthias-popp-fotografie-industrie-11.jpg\" alt=\"Matthias Popp Fotografie f\u00fcr Industrie und Handwerk - Fotograf im Raum Halle Saale, Leipzig, Dresden, Dessau, Bitterfeld, Wittenberg\" class=\"owl-slide-image\"\/><div class=\"slideshow-owl-title\">matthias-popp-fotografie-industrie-11<\/div><\/div><div class=\"gridblock-slideshow-element\"><img decoding=\"async\" src=\"https:\/\/matthiaspopp.com\/portfolio\/wp-content\/uploads\/2025\/10\/matthias-popp-fotografie-portrait-dirk-rossmann.jpg\" alt=\"Portrait Dirk Rossmann - Matthias Popp Fotografie - People Fotograf im Raum Halle Saale, Leipzig, Dresden, Dessau, Bitterfeld, Wittenberg\" class=\"owl-slide-image\"\/><div class=\"slideshow-owl-title\">matthias-popp-fotografie-portrait-dirk-rossmann<\/div><\/div><div class=\"gridblock-slideshow-element\"><img decoding=\"async\" src=\"https:\/\/matthiaspopp.com\/portfolio\/wp-content\/uploads\/2025\/10\/matthias-popp-fotografie-handwerk-08.jpg\" alt=\"Automechaniker in KFZ-Werkstatt - Matthias Popp Fotografie f\u00fcr Industrie und Handwerk - Fotograf im Raum Halle Saale, Leipzig, Dresden, Dessau, Bitterfeld, Wittenberg\" class=\"owl-slide-image\"\/><div class=\"slideshow-owl-title\">matthias-popp-fotografie-handwerk-08<\/div><\/div><div class=\"gridblock-slideshow-element\"><img decoding=\"async\" src=\"https:\/\/matthiaspopp.com\/portfolio\/wp-content\/uploads\/2025\/10\/matthias-popp-fotografie-portrait-slide01.jpg\" alt=\"Matthias Popp Fotografie - People Fotograf im Raum Halle Saale, Leipzig, Dresden, Dessau, Bitterfeld, Wittenberg\" class=\"owl-slide-image\"\/><div class=\"slideshow-owl-title\">matthias-popp-fotografie-portrait-slide01<\/div><\/div><div class=\"gridblock-slideshow-element\"><img decoding=\"async\" src=\"https:\/\/matthiaspopp.com\/portfolio\/wp-content\/uploads\/2025\/10\/matthias-popp-fotografie-portrait-wandergeselle-01-1.jpg\" alt=\"Businessfotografie - Matthias Popp Fotografie - Fotograf im Raum Halle Saale, Leipzig, Dresden, Dessau, Bitterfeld, Wittenberg\" class=\"owl-slide-image\"\/><div class=\"slideshow-owl-title\">matthias-popp-fotografie-portrait-wandergeselle-01<\/div><\/div><div class=\"gridblock-slideshow-element\"><img decoding=\"async\" src=\"https:\/\/matthiaspopp.com\/portfolio\/wp-content\/uploads\/2025\/10\/matthias-popp-fotografie-industrie-06.jpg\" alt=\"Matthias Popp Fotografie f\u00fcr Industrie und Handwerk - Fotograf im Raum Halle Saale, Leipzig, Dresden, Dessau, Bitterfeld, Wittenberg\" class=\"owl-slide-image\"\/><div class=\"slideshow-owl-title\">matthias-popp-fotografie-industrie-06<\/div><\/div><div class=\"gridblock-slideshow-element\"><img decoding=\"async\" src=\"https:\/\/matthiaspopp.com\/portfolio\/wp-content\/uploads\/2025\/10\/matthias-popp-fotografie-mitarbeiter-racyics-1.jpg\" alt=\"Businessfotografie - Matthias Popp Fotografie - Fotograf im Raum Halle Saale, Leipzig, Dresden, Dessau, Bitterfeld, Wittenberg\" class=\"owl-slide-image\"\/><div class=\"slideshow-owl-title\">matthias-popp-fotografie-mitarbeiter-racyics<\/div><\/div><div class=\"gridblock-slideshow-element\"><img decoding=\"async\" src=\"https:\/\/matthiaspopp.com\/portfolio\/wp-content\/uploads\/2025\/10\/matthias-popp-fotografie-innenarchitektur-06-1.jpg\" alt=\"Imagefotografie - Matthias Popp Fotografie - Fotograf im Raum Halle Saale, Leipzig, Dresden, Dessau, Bitterfeld, Wittenberg\" class=\"owl-slide-image\"\/><div class=\"slideshow-owl-title\">matthias-popp-fotografie-innenarchitektur-06<\/div><\/div><div class=\"gridblock-slideshow-element\"><img decoding=\"async\" src=\"https:\/\/matthiaspopp.com\/portfolio\/wp-content\/uploads\/2025\/10\/matthias-popp-fotografie-polarkreis18-01-1.jpg\" alt=\"Polarkreis 18 - Fotograf Matthias Popp\" class=\"owl-slide-image\"\/><div class=\"slideshow-owl-title\">matthias-popp-fotografie-polarkreis18-01<\/div><\/div><div class=\"gridblock-slideshow-element\"><img decoding=\"async\" src=\"https:\/\/matthiaspopp.com\/portfolio\/wp-content\/uploads\/2025\/10\/matthias-popp-fotografie-polarkreis-18-04-1.jpg\" alt=\"Polarkreis 18 - Fotograf Matthias Popp\" class=\"owl-slide-image\"\/><div class=\"slideshow-owl-title\">matthias-popp-fotografie-polarkreis-18-04<\/div><\/div><div class=\"gridblock-slideshow-element\"><img decoding=\"async\" src=\"https:\/\/matthiaspopp.com\/portfolio\/wp-content\/uploads\/2025\/10\/matthias-popp-fotografie-portrait-baeckerin-1.jpg\" alt=\"Portrait B\u00e4ckerin. Matthias Popp Fotografie. Business Fotograf im Raum Halle Saale, Leipzig, Dresden, Dessau, Bitterfeld, Wittenberg\" class=\"owl-slide-image\"\/><div class=\"slideshow-owl-title\">matthias-popp-fotografie-portrait-baeckerin<\/div><\/div><div class=\"gridblock-slideshow-element\"><img decoding=\"async\" src=\"https:\/\/matthiaspopp.com\/portfolio\/wp-content\/uploads\/2025\/10\/fotograf-matthias-popp-eventfotografie-universitaetsklinikum-dresden-04.jpg\" alt=\"Matthias Popp Fotografie - Architektur - Fotograf im Raum Halle Saale, Leipzig, Dresden, Dessau, Bitterfeld, Wittenberg\" class=\"owl-slide-image\"\/><div class=\"slideshow-owl-title\">fotograf-matthias-popp-eventfotografie-universitaetsklinikum-dresden-04<\/div><\/div><\/div><\/div>\t\t\t\t<\/div>\n\t\t\t\t<\/div>\n\t\t\t\t<\/div>\n\t\t\t\t<section class=\"elementor-section elementor-top-section elementor-element elementor-element-55fcff8 elementor-section-full_width elementor-section-height-default elementor-section-height-default\" data-id=\"55fcff8\" data-element_type=\"section\" data-settings=\"{&quot;background_background&quot;:&quot;classic&quot;}\">\n\t\t\t\t\t\t<div class=\"elementor-container elementor-column-gap-no\">\n\t\t\t\t\t<div class=\"elementor-column elementor-col-100 elementor-top-column elementor-element elementor-element-3373bfc\" data-id=\"3373bfc\" data-element_type=\"column\">\n\t\t\t<div class=\"elementor-widget-wrap elementor-element-populated\">\n\t\t\t\t\t\t<div class=\"elementor-element elementor-element-b94dffb section-size-default subtitle-style-default elementor-widget elementor-widget-section-heading\" data-id=\"b94dffb\" data-element_type=\"widget\" data-widget_type=\"section-heading.default\">\n\t\t\t\t<div class=\"elementor-widget-container\">\n\t\t\t\t\t<div class=\"section-heading headingstyle-title\"><div class=\"section-title-wrapper\"><h1 class=\"entry-title section-title\">Fotografie f\u00fcr Unternehmen, Marken und Menschen mit Vision<\/h1><\/div><h5 class=\"entry-sub-title section-sub-title\">Halle \/ Leipzig \/ Dresden \/ Dessau \/ Wittenberg<\/h5><div class=\"section-description clearfix\"><div class=\"section-description-inner\"><p data-start=\"417\" data-end=\"697\">Ich unterst\u00fctze Unternehmen dabei, sich mit professioneller <strong data-start=\"512\" data-end=\"546\">Business- und Markenfotografie<\/strong> authentisch und hochwertig zu pr\u00e4sentieren. Denn jedes Unternehmen steht f\u00fcr sich und seine Kompetenzen \u2013 und sollte das auch in seiner visuellen Kommunikation zeigen.<\/p>\n<p data-start=\"699\" data-end=\"1035\">Mein Schwerpunkt liegt auf der <strong data-start=\"730\" data-end=\"774\">Businessfotografie in all ihren Facetten<\/strong>: ausdrucksstarke <strong data-start=\"794\" data-end=\"814\">Businessportr\u00e4ts<\/strong>, die Pers\u00f6nlichkeit und Professionalit\u00e4t vermitteln, die <strong data-start=\"874\" data-end=\"925\">fotografische Darstellung von Arbeitsumgebungen<\/strong>, sowie <strong data-start=\"935\" data-end=\"965\">Team- und Mitarbeiterfotos<\/strong>, <strong data-start=\"967\" data-end=\"1001\" data-is-only-node=\"\">Aufnahmen von Gesch\u00e4ftsleitung<\/strong> und <strong data-start=\"1006\" data-end=\"1032\">Unternehmensreportagen<\/strong>. Dar\u00fcber hinaus begleite ich <strong data-start=\"1065\" data-end=\"1114\">Kongresse, Tagungen und Firmenveranstaltungen<\/strong>, um Unternehmenskommunikation mit konsistentem Bildmaterial zu unterst\u00fctzen. Ein weiterer Schwerpunkt meiner Arbeit ist die <strong data-start=\"1242\" data-end=\"1282\">Interieur- und Architekturfotografie<\/strong>. Mit pr\u00e4zisem Blick f\u00fcr Formen, Licht und Materialien setze ich <strong data-start=\"1349\" data-end=\"1391\">R\u00e4ume, Objekte und Gestaltungskonzepte<\/strong> f\u00fcr Architekturb\u00fcros, Innenarchitekten, M\u00f6belhersteller und Agenturen professionell in Szene.<\/p>\n<p data-start=\"1489\" data-end=\"1801\">Ich arbeite \u00fcberwiegend im <strong data-start=\"1516\" data-end=\"1531\">B2B-Bereich<\/strong> und lege gro\u00dfen Wert auf <strong data-start=\"1557\" data-end=\"1582\">strukturierte Abl\u00e4ufe<\/strong>, <strong data-start=\"1584\" data-end=\"1603\">klare Briefings<\/strong> und <strong data-start=\"1608\" data-end=\"1651\">eine verl\u00e4ssliche, effiziente Umsetzung<\/strong>. Meine Kunden profitieren von meiner <strong data-start=\"1691\" data-end=\"1717\">langj\u00e4hrigen Erfahrung<\/strong> als Fotograf und einem hohen Qualit\u00e4tsanspruch in jeder Phase der Zusammenarbeit.<\/p>\n<\/div><\/div><\/div>\t\t\t\t<\/div>\n\t\t\t\t<\/div>\n\t\t\t\t\t<\/div>\n\t\t<\/div>\n\t\t\t\t\t<\/div>\n\t\t<\/section>\n\t\t\t\t<section class=\"elementor-section elementor-top-section elementor-element elementor-element-7587272 elementor-section-boxed elementor-section-height-default elementor-section-height-default\" data-id=\"7587272\" data-element_type=\"section\" data-settings=\"{&quot;background_background&quot;:&quot;classic&quot;}\">\n\t\t\t\t\t\t\t<div class=\"elementor-background-overlay\"><\/div>\n\t\t\t\t\t\t\t<div class=\"elementor-container elementor-column-gap-default\">\n\t\t\t\t\t<div class=\"elementor-column elementor-col-50 elementor-top-column elementor-element elementor-element-347f6ff\" data-id=\"347f6ff\" data-element_type=\"column\">\n\t\t\t<div class=\"elementor-widget-wrap elementor-element-populated\">\n\t\t\t\t\t\t<div class=\"elementor-element elementor-element-a028744 section-align-left section-size-large subtitle-style-default elementor-widget elementor-widget-section-heading\" data-id=\"a028744\" data-element_type=\"widget\" data-widget_type=\"section-heading.default\">\n\t\t\t\t<div class=\"elementor-widget-container\">\n\t\t\t\t\t<div class=\"section-heading headingstyle-subtitle\"><h5 class=\"entry-sub-title section-sub-title\">Fotograf + Fotojournalist<\/h5><div class=\"section-title-wrapper\"><h2 class=\"entry-title section-title\">Matthias Popp<\/h2><\/div><div class=\"section-description clearfix\"><div class=\"section-description-inner\"><p>Bachelor of Arts  Fotojournalismus und Kommunikationsdesign<\/p>\n<p>01577 1592024<br \/>mail@matthiaspopp.com<\/p>\n<\/div><\/div><\/div>\t\t\t\t<\/div>\n\t\t\t\t<\/div>\n\t\t\t\t\t<\/div>\n\t\t<\/div>\n\t\t\t\t<div class=\"elementor-column elementor-col-50 elementor-top-column elementor-element elementor-element-91851fc\" data-id=\"91851fc\" data-element_type=\"column\">\n\t\t\t<div class=\"elementor-widget-wrap elementor-element-populated\">\n\t\t\t\t\t\t<div class=\"elementor-element elementor-element-4d2b5ad elementor-widget elementor-widget-image\" data-id=\"4d2b5ad\" data-element_type=\"widget\" data-widget_type=\"image.default\">\n\t\t\t\t\t\t\t\t\t\t\t\t\t\t\t<img fetchpriority=\"high\" decoding=\"async\" width=\"960\" height=\"960\" src=\"https:\/\/matthiaspopp.com\/portfolio\/wp-content\/uploads\/2025\/10\/matthias-popp-fotografie.jpg\" class=\"attachment-large size-large wp-image-1994\" alt=\"Fotograf Matthias Popp\" srcset=\"https:\/\/matthiaspopp.com\/portfolio\/wp-content\/uploads\/2025\/10\/matthias-popp-fotografie.jpg 1000w, https:\/\/matthiaspopp.com\/portfolio\/wp-content\/uploads\/2025\/10\/matthias-popp-fotografie-300x300.jpg 300w, https:\/\/matthiaspopp.com\/portfolio\/wp-content\/uploads\/2025\/10\/matthias-popp-fotografie-150x150.jpg 150w, https:\/\/matthiaspopp.com\/portfolio\/wp-content\/uploads\/2025\/10\/matthias-popp-fotografie-768x768.jpg 768w, https:\/\/matthiaspopp.com\/portfolio\/wp-content\/uploads\/2025\/10\/matthias-popp-fotografie-770x770.jpg 770w, https:\/\/matthiaspopp.com\/portfolio\/wp-content\/uploads\/2025\/10\/matthias-popp-fotografie-160x160.jpg 160w, https:\/\/matthiaspopp.com\/portfolio\/wp-content\/uploads\/2025\/10\/matthias-popp-fotografie-800x800.jpg 800w\" sizes=\"(max-width: 960px) 100vw, 960px\" \/>\t\t\t\t\t\t\t\t\t\t\t\t\t\t\t<\/div>\n\t\t\t\t\t<\/div>\n\t\t<\/div>\n\t\t\t\t\t<\/div>\n\t\t<\/section>\n\t\t\t\t<section class=\"elementor-section elementor-top-section elementor-element elementor-element-d52ec2e elementor-section-full_width elementor-section-height-default elementor-section-height-default\" data-id=\"d52ec2e\" data-element_type=\"section\" data-settings=\"{&quot;background_background&quot;:&quot;classic&quot;}\">\n\t\t\t\t\t\t<div class=\"elementor-container elementor-column-gap-no\">\n\t\t\t\t\t<div class=\"elementor-column elementor-col-100 elementor-top-column elementor-element elementor-element-83d4b94\" data-id=\"83d4b94\" data-element_type=\"column\">\n\t\t\t<div class=\"elementor-widget-wrap elementor-element-populated\">\n\t\t\t\t\t\t<div class=\"elementor-element elementor-element-a9b649e section-size-large subtitle-style-default elementor-widget elementor-widget-section-heading\" data-id=\"a9b649e\" data-element_type=\"widget\" data-widget_type=\"section-heading.default\">\n\t\t\t\t<div class=\"elementor-widget-container\">\n\t\t\t\t\t<div class=\"section-heading headingstyle-subtitle\"><div class=\"section-title-wrapper\"><h2 class=\"entry-title section-title\">REFERENZEN.<\/h2><\/div><div class=\"section-description clearfix\"><div class=\"section-description-inner\"><p>AOK \/ ALEXANDER POETZSCH ARCHITEKTUREN \/ BKK MOBIL OIL \/ CREATIVTEAM COMMUNICATIONS \/ DEUTSCHE TELEKOM \/ DRESDNER NEUESTE NACHRICHTEN \/ EUROMOBIL \/ F.A.Z. AM SONNTAG \/ MOTOR MUSIC \/ NESTL\u00c9 \/ PRINZ STADTMAGAZIN \/ PTZ PROTOTYPENZENTRUM \/ REIF MAGAZIN \/ S\u00c4CHSISCHE ZEITUNG \/ SPIEGEL ONLINE \/ SPIESSER - DIE JUGENDZEITSCHRIFT \/ UNIVERSAL MUSIC GROUP \/ UNIVERSIT\u00c4TS-KLINIKUM CARL-GUSTAV-CARUS \/ VOLKSSOLIDARIT\u00c4T \/ VOLKSWAGEN TRADEPORT \/ WALD- UND SEERESORT GR\u00d6BERN \/ WESER KURIER<\/p>\n<\/div><\/div><\/div>\t\t\t\t<\/div>\n\t\t\t\t<\/div>\n\t\t\t\t\t<\/div>\n\t\t<\/div>\n\t\t\t\t\t<\/div>\n\t\t<\/section>\n\t\t\t\t<section class=\"elementor-section elementor-top-section elementor-element elementor-element-e93716e elementor-section-boxed elementor-section-height-default elementor-section-height-default\" data-id=\"e93716e\" data-element_type=\"section\" data-settings=\"{&quot;background_background&quot;:&quot;classic&quot;}\">\n\t\t\t\t\t\t<div class=\"elementor-container elementor-column-gap-wider\">\n\t\t\t\t\t<div class=\"elementor-column elementor-col-100 elementor-top-column elementor-element elementor-element-5e948f7\" data-id=\"5e948f7\" data-element_type=\"column\">\n\t\t\t<div class=\"elementor-widget-wrap elementor-element-populated\">\n\t\t\t\t\t\t<div class=\"elementor-element elementor-element-039e4e2 input-border-style-curved input-icons-default elementor-widget elementor-widget-contactform\" data-id=\"039e4e2\" data-element_type=\"widget\" data-widget_type=\"contactform.default\">\n\t\t\t\t<div class=\"elementor-widget-container\">\n\t\t\t\t\t\t\t<div class=\"mtheme-contact-form-container\">\n\t\t\t\n<div class=\"wpcf7 no-js\" id=\"wpcf7-f234-o1\" lang=\"en-US\" dir=\"ltr\" data-wpcf7-id=\"234\">\n<div class=\"screen-reader-response\"><p role=\"status\" aria-live=\"polite\" aria-atomic=\"true\"><\/p> <ul><\/ul><\/div>\n<form action=\"\/portfolio\/wp-json\/wp\/v2\/pages\/2610#wpcf7-f234-o1\" method=\"post\" class=\"wpcf7-form init\" aria-label=\"Contact form\" novalidate=\"novalidate\" data-status=\"init\">\n<fieldset class=\"hidden-fields-container\"><input type=\"hidden\" name=\"_wpcf7\" value=\"234\" \/><input type=\"hidden\" name=\"_wpcf7_version\" value=\"6.1.3\" \/><input type=\"hidden\" name=\"_wpcf7_locale\" value=\"en_US\" \/><input type=\"hidden\" name=\"_wpcf7_unit_tag\" value=\"wpcf7-f234-o1\" \/><input type=\"hidden\" name=\"_wpcf7_container_post\" value=\"0\" \/><input type=\"hidden\" name=\"_wpcf7_posted_data_hash\" value=\"\" \/>\n<\/fieldset>\n<div class=\"two-fields clearfix\">\n\t<div class=\"mtheme-form-field\">\n\t\t<p><i class=\"ion-ios-contact-outline\"><\/i><span class=\"wpcf7-form-control-wrap\" data-name=\"first-name\"><input size=\"40\" maxlength=\"400\" class=\"wpcf7-form-control wpcf7-text wpcf7-validates-as-required\" aria-required=\"true\" aria-invalid=\"false\" placeholder=\"Vorname (erforderlich)\" value=\"\" type=\"text\" name=\"first-name\" \/><\/span>\n\t\t<\/p>\n\t<\/div>\n\t<div class=\"mtheme-form-field\">\n\t\t<p><i class=\"ion-ios-contact-outline\"><\/i><span class=\"wpcf7-form-control-wrap\" data-name=\"last-name\"><input size=\"40\" maxlength=\"400\" class=\"wpcf7-form-control wpcf7-text wpcf7-validates-as-required\" aria-required=\"true\" aria-invalid=\"false\" placeholder=\"Nachname (erforderlich)\" value=\"\" type=\"text\" name=\"last-name\" \/><\/span>\n\t\t<\/p>\n\t<\/div>\n<\/div>\n<div class=\"two-fields clearfix\">\n\t<div class=\"mtheme-form-field\">\n\t\t<p><i class=\"ion-ios-email\"><\/i><span class=\"wpcf7-form-control-wrap\" data-name=\"your-email\"><input size=\"40\" maxlength=\"400\" class=\"wpcf7-form-control wpcf7-email wpcf7-validates-as-required wpcf7-text wpcf7-validates-as-email\" aria-required=\"true\" aria-invalid=\"false\" placeholder=\"E-Mail-Adresse (erforderlich)\" value=\"\" type=\"email\" name=\"your-email\" \/><\/span>\n\t\t<\/p>\n\t<\/div>\n\t<div class=\"mtheme-form-field\">\n\t\t<p><i class=\"ion-ios-telephone\"><\/i><span class=\"wpcf7-form-control-wrap\" data-name=\"your-phone\"><input size=\"40\" maxlength=\"400\" class=\"wpcf7-form-control wpcf7-text\" aria-invalid=\"false\" placeholder=\"Telefonnummer (erforderlich)\" value=\"\" type=\"text\" name=\"your-phone\" \/><\/span>\n\t\t<\/p>\n\t<\/div>\n<\/div>\n<div class=\"single-field\">\n\t<div class=\"mtheme-form-field\">\n\t\t<p><i class=\"ion-ios-compose\"><\/i><span class=\"wpcf7-form-control-wrap\" data-name=\"your-subject\"><input size=\"40\" maxlength=\"400\" class=\"wpcf7-form-control wpcf7-text\" aria-invalid=\"false\" placeholder=\"Betreff\" value=\"\" type=\"text\" name=\"your-subject\" \/><\/span>\n\t\t<\/p>\n\t<\/div>\n<\/div>\n<div class=\"single-field\">\n\t<div class=\"mtheme-form-field\">\n\t\t<p><i class=\"ion-ios-compose\"><\/i><span class=\"wpcf7-form-control-wrap\" data-name=\"your-message\"><textarea cols=\"40\" rows=\"10\" maxlength=\"2000\" class=\"wpcf7-form-control wpcf7-textarea\" aria-invalid=\"false\" placeholder=\"Nachricht\" name=\"your-message\"><\/textarea><\/span>\n\t\t<\/p>\n\t<\/div>\n<\/div>\n<p><input class=\"wpcf7-form-control wpcf7-submit has-spinner\" type=\"submit\" value=\"Versenden\" \/>\n<\/p><p style=\"display: none !important;\" class=\"akismet-fields-container\" data-prefix=\"_wpcf7_ak_\"><label>&#916;<textarea name=\"_wpcf7_ak_hp_textarea\" cols=\"45\" rows=\"8\" maxlength=\"100\"><\/textarea><\/label><input type=\"hidden\" id=\"ak_js_1\" name=\"_wpcf7_ak_js\" value=\"26\"\/><script>document.getElementById( \"ak_js_1\" ).setAttribute( \"value\", ( new Date() ).getTime() );<\/script><\/p><div class=\"wpcf7-response-output\" aria-hidden=\"true\"><\/div>\n<\/form>\n<\/div>\n\t\t<\/div>\n\t\t\t\t\t\t<\/div>\n\t\t\t\t<\/div>\n\t\t\t\t\t<\/div>\n\t\t<\/div>\n\t\t\t\t\t<\/div>\n\t\t<\/section>\n\t\t\t\t<\/div>\n\t\t","protected":false},"excerpt":{"rendered":"<p>matthias-popp-fotografie-imagefotografie-08matthias-popp-fotografie-mitarbeiter-portrait-alexander-poetzsch-architekturen-002matthias-popp-fotografie-portrait-moritz-bleibtreumatthias-popp-fotografie-industrie-07matthias-popp-fotografie-industrie-16matthias-popp-fotografie-konzert-polarkreis-18-01matthias-popp-fotografie-polarkreis18-cover-the-colour-of-snowmatthias-popp-fotografie-mitarbeiter-portraits-apamatthias-popp-fotografie-mitarbeiter-portrait-alexander-poetzsch-architekturen-001matthias-popp-fotografie-editorial-09matthias-popp-fotografie-imagefotografie-rewe-01matthias-popp-fotografie-industrie-11matthias-popp-fotografie-portrait-dirk-rossmannmatthias-popp-fotografie-handwerk-08matthias-popp-fotografie-portrait-slide01matthias-popp-fotografie-portrait-wandergeselle-01matthias-popp-fotografie-industrie-06matthias-popp-fotografie-mitarbeiter-racyicsmatthias-popp-fotografie-innenarchitektur-06matthias-popp-fotografie-polarkreis18-01matthias-popp-fotografie-polarkreis-18-04matthias-popp-fotografie-portrait-baeckerinfotograf-matthias-popp-eventfotografie-universitaetsklinikum-dresden-04 Fotografie f\u00fcr Unternehmen, Marken und Menschen mit Vision Halle \/ Leipzig \/ Dresden \/ Dessau \/ Wittenberg Ich unterst\u00fctze Unternehmen dabei, sich mit professioneller Business- und Markenfotografie authentisch und hochwertig zu pr\u00e4sentieren. Denn jedes Unternehmen steht f\u00fcr sich und seine Kompetenzen \u2013 und sollte das auch in seiner visuellen Kommunikation zeigen. Mein Schwerpunkt liegt auf der Businessfotografie in all ihren Facetten: ausdrucksstarke Businessportr\u00e4ts, die Pers\u00f6nlichkeit und Professionalit\u00e4t vermitteln, die fotografische Darstellung von Arbeitsumgebungen, sowie Team- und Mitarbeiterfotos, Aufnahmen von [&hellip;]<\/p>\n","protected":false},"author":1,"featured_media":1994,"parent":0,"menu_order":0,"comment_status":"closed","ping_status":"closed","template":"","meta":{"footnotes":""},"class_list":["post-2610","page","type-page","status-publish","has-post-thumbnail","hentry"],"yoast_head":"<!-- This site is optimized with the Yoast SEO plugin v26.2 - https:\/\/yoast.com\/wordpress\/plugins\/seo\/ -->\n<title>MATTHIAS POPP FOTOGRAFIE | Business + Image + Events<\/title>\n<meta name=\"description\" content=\"Professioneller Fotograf f\u00fcr Unternehmen, Marken und Menschen mit Vision \u2013 in Halle \/ Leipzig \/ Dresden \/ Dessau \/ Bitterfeld \/ Wittenberg\" \/>\n<meta name=\"robots\" content=\"index, follow, max-snippet:-1, max-image-preview:large, max-video-preview:-1\" \/>\n<link rel=\"canonical\" href=\"https:\/\/matthiaspopp.com\/portfolio\/\" \/>\n<meta property=\"og:locale\" content=\"de_DE\" \/>\n<meta property=\"og:type\" content=\"article\" \/>\n<meta property=\"og:title\" content=\"MATTHIAS POPP FOTOGRAFIE | Business + Image + Events\" \/>\n<meta property=\"og:description\" content=\"Professioneller Fotograf f\u00fcr Unternehmen, Marken und Menschen mit Vision \u2013 in Halle \/ Leipzig \/ Dresden \/ Dessau \/ Bitterfeld \/ Wittenberg\" \/>\n<meta property=\"og:url\" content=\"https:\/\/matthiaspopp.com\/portfolio\/\" \/>\n<meta property=\"og:site_name\" content=\"MATTHIAS POPP FOTOGRAFIE\" \/>\n<meta property=\"article:modified_time\" content=\"2025-10-31T22:10:53+00:00\" \/>\n<meta property=\"og:image\" content=\"https:\/\/matthiaspopp.com\/portfolio\/wp-content\/uploads\/2025\/10\/matthias-popp-fotografie.jpg\" \/>\n\t<meta property=\"og:image:width\" content=\"1000\" \/>\n\t<meta property=\"og:image:height\" content=\"1000\" \/>\n\t<meta property=\"og:image:type\" content=\"image\/jpeg\" \/>\n<meta name=\"twitter:card\" content=\"summary_large_image\" \/>\n<meta name=\"twitter:label1\" content=\"Gesch\u00e4tzte Lesezeit\" \/>\n\t<meta name=\"twitter:data1\" content=\"12\u00a0Minuten\" \/>\n<script type=\"application\/ld+json\" class=\"yoast-schema-graph\">{\"@context\":\"https:\/\/schema.org\",\"@graph\":[{\"@type\":\"WebPage\",\"@id\":\"https:\/\/matthiaspopp.com\/portfolio\/\",\"url\":\"https:\/\/matthiaspopp.com\/portfolio\/\",\"name\":\"MATTHIAS POPP FOTOGRAFIE | Business + Image + Events\",\"isPartOf\":{\"@id\":\"https:\/\/matthiaspopp.com\/portfolio\/#website\"},\"primaryImageOfPage\":{\"@id\":\"https:\/\/matthiaspopp.com\/portfolio\/#primaryimage\"},\"image\":{\"@id\":\"https:\/\/matthiaspopp.com\/portfolio\/#primaryimage\"},\"thumbnailUrl\":\"https:\/\/matthiaspopp.com\/portfolio\/wp-content\/uploads\/2025\/10\/matthias-popp-fotografie.jpg\",\"datePublished\":\"2025-10-30T19:18:51+00:00\",\"dateModified\":\"2025-10-31T22:10:53+00:00\",\"description\":\"Professioneller Fotograf f\u00fcr Unternehmen, Marken und Menschen mit Vision \u2013 in Halle \/ Leipzig \/ Dresden \/ Dessau \/ Bitterfeld \/ Wittenberg\",\"breadcrumb\":{\"@id\":\"https:\/\/matthiaspopp.com\/portfolio\/#breadcrumb\"},\"inLanguage\":\"de\",\"potentialAction\":[{\"@type\":\"ReadAction\",\"target\":[\"https:\/\/matthiaspopp.com\/portfolio\/\"]}]},{\"@type\":\"ImageObject\",\"inLanguage\":\"de\",\"@id\":\"https:\/\/matthiaspopp.com\/portfolio\/#primaryimage\",\"url\":\"https:\/\/matthiaspopp.com\/portfolio\/wp-content\/uploads\/2025\/10\/matthias-popp-fotografie.jpg\",\"contentUrl\":\"https:\/\/matthiaspopp.com\/portfolio\/wp-content\/uploads\/2025\/10\/matthias-popp-fotografie.jpg\",\"width\":1000,\"height\":1000,\"caption\":\"Fotograf Matthias Popp\"},{\"@type\":\"BreadcrumbList\",\"@id\":\"https:\/\/matthiaspopp.com\/portfolio\/#breadcrumb\",\"itemListElement\":[{\"@type\":\"ListItem\",\"position\":1,\"name\":\"Startseite\",\"item\":\"https:\/\/matthiaspopp.com\/portfolio\/\"},{\"@type\":\"ListItem\",\"position\":2,\"name\":\"HOME\"}]},{\"@type\":\"WebSite\",\"@id\":\"https:\/\/matthiaspopp.com\/portfolio\/#website\",\"url\":\"https:\/\/matthiaspopp.com\/portfolio\/\",\"name\":\"matthiaspopp.com\",\"description\":\"Fotograf f\u00fcr Unternehmen + Marken + Image | Businessfotograf in Sachsen + Sachsen-Anhalt\",\"publisher\":{\"@id\":\"https:\/\/matthiaspopp.com\/portfolio\/#organization\"},\"potentialAction\":[{\"@type\":\"SearchAction\",\"target\":{\"@type\":\"EntryPoint\",\"urlTemplate\":\"https:\/\/matthiaspopp.com\/portfolio\/?s={search_term_string}\"},\"query-input\":{\"@type\":\"PropertyValueSpecification\",\"valueRequired\":true,\"valueName\":\"search_term_string\"}}],\"inLanguage\":\"de\"},{\"@type\":\"Organization\",\"@id\":\"https:\/\/matthiaspopp.com\/portfolio\/#organization\",\"name\":\"matthiaspopp.com\",\"url\":\"https:\/\/matthiaspopp.com\/portfolio\/\",\"logo\":{\"@type\":\"ImageObject\",\"inLanguage\":\"de\",\"@id\":\"https:\/\/matthiaspopp.com\/portfolio\/#\/schema\/logo\/image\/\",\"url\":\"https:\/\/matthiaspopp.com\/portfolio\/wp-content\/uploads\/2025\/10\/logo-mp-fotografie-1.png\",\"contentUrl\":\"https:\/\/matthiaspopp.com\/portfolio\/wp-content\/uploads\/2025\/10\/logo-mp-fotografie-1.png\",\"width\":800,\"height\":185,\"caption\":\"matthiaspopp.com\"},\"image\":{\"@id\":\"https:\/\/matthiaspopp.com\/portfolio\/#\/schema\/logo\/image\/\"}}]}<\/script>\n<!-- \/ Yoast SEO plugin. -->","yoast_head_json":{"title":"MATTHIAS POPP FOTOGRAFIE | Business + Image + Events","description":"Professioneller Fotograf f\u00fcr Unternehmen, Marken und Menschen mit Vision \u2013 in Halle \/ Leipzig \/ Dresden \/ Dessau \/ Bitterfeld \/ Wittenberg","robots":{"index":"index","follow":"follow","max-snippet":"max-snippet:-1","max-image-preview":"max-image-preview:large","max-video-preview":"max-video-preview:-1"},"canonical":"https:\/\/matthiaspopp.com\/portfolio\/","og_locale":"de_DE","og_type":"article","og_title":"MATTHIAS POPP FOTOGRAFIE | Business + Image + Events","og_description":"Professioneller Fotograf f\u00fcr Unternehmen, Marken und Menschen mit Vision \u2013 in Halle \/ Leipzig \/ Dresden \/ Dessau \/ Bitterfeld \/ Wittenberg","og_url":"https:\/\/matthiaspopp.com\/portfolio\/","og_site_name":"MATTHIAS POPP FOTOGRAFIE","article_modified_time":"2025-10-31T22:10:53+00:00","og_image":[{"width":1000,"height":1000,"url":"https:\/\/matthiaspopp.com\/portfolio\/wp-content\/uploads\/2025\/10\/matthias-popp-fotografie.jpg","type":"image\/jpeg"}],"twitter_card":"summary_large_image","twitter_misc":{"Gesch\u00e4tzte Lesezeit":"12\u00a0Minuten"},"schema":{"@context":"https:\/\/schema.org","@graph":[{"@type":"WebPage","@id":"https:\/\/matthiaspopp.com\/portfolio\/","url":"https:\/\/matthiaspopp.com\/portfolio\/","name":"MATTHIAS POPP FOTOGRAFIE | Business + Image + Events","isPartOf":{"@id":"https:\/\/matthiaspopp.com\/portfolio\/#website"},"primaryImageOfPage":{"@id":"https:\/\/matthiaspopp.com\/portfolio\/#primaryimage"},"image":{"@id":"https:\/\/matthiaspopp.com\/portfolio\/#primaryimage"},"thumbnailUrl":"https:\/\/matthiaspopp.com\/portfolio\/wp-content\/uploads\/2025\/10\/matthias-popp-fotografie.jpg","datePublished":"2025-10-30T19:18:51+00:00","dateModified":"2025-10-31T22:10:53+00:00","description":"Professioneller Fotograf f\u00fcr Unternehmen, Marken und Menschen mit Vision \u2013 in Halle \/ Leipzig \/ Dresden \/ Dessau \/ Bitterfeld \/ Wittenberg","breadcrumb":{"@id":"https:\/\/matthiaspopp.com\/portfolio\/#breadcrumb"},"inLanguage":"de","potentialAction":[{"@type":"ReadAction","target":["https:\/\/matthiaspopp.com\/portfolio\/"]}]},{"@type":"ImageObject","inLanguage":"de","@id":"https:\/\/matthiaspopp.com\/portfolio\/#primaryimage","url":"https:\/\/matthiaspopp.com\/portfolio\/wp-content\/uploads\/2025\/10\/matthias-popp-fotografie.jpg","contentUrl":"https:\/\/matthiaspopp.com\/portfolio\/wp-content\/uploads\/2025\/10\/matthias-popp-fotografie.jpg","width":1000,"height":1000,"caption":"Fotograf Matthias Popp"},{"@type":"BreadcrumbList","@id":"https:\/\/matthiaspopp.com\/portfolio\/#breadcrumb","itemListElement":[{"@type":"ListItem","position":1,"name":"Startseite","item":"https:\/\/matthiaspopp.com\/portfolio\/"},{"@type":"ListItem","position":2,"name":"HOME"}]},{"@type":"WebSite","@id":"https:\/\/matthiaspopp.com\/portfolio\/#website","url":"https:\/\/matthiaspopp.com\/portfolio\/","name":"matthiaspopp.com","description":"Fotograf f\u00fcr Unternehmen + Marken + Image | Businessfotograf in Sachsen + Sachsen-Anhalt","publisher":{"@id":"https:\/\/matthiaspopp.com\/portfolio\/#organization"},"potentialAction":[{"@type":"SearchAction","target":{"@type":"EntryPoint","urlTemplate":"https:\/\/matthiaspopp.com\/portfolio\/?s={search_term_string}"},"query-input":{"@type":"PropertyValueSpecification","valueRequired":true,"valueName":"search_term_string"}}],"inLanguage":"de"},{"@type":"Organization","@id":"https:\/\/matthiaspopp.com\/portfolio\/#organization","name":"matthiaspopp.com","url":"https:\/\/matthiaspopp.com\/portfolio\/","logo":{"@type":"ImageObject","inLanguage":"de","@id":"https:\/\/matthiaspopp.com\/portfolio\/#\/schema\/logo\/image\/","url":"https:\/\/matthiaspopp.com\/portfolio\/wp-content\/uploads\/2025\/10\/logo-mp-fotografie-1.png","contentUrl":"https:\/\/matthiaspopp.com\/portfolio\/wp-content\/uploads\/2025\/10\/logo-mp-fotografie-1.png","width":800,"height":185,"caption":"matthiaspopp.com"},"image":{"@id":"https:\/\/matthiaspopp.com\/portfolio\/#\/schema\/logo\/image\/"}}]}},"_links":{"self":[{"href":"https:\/\/matthiaspopp.com\/portfolio\/wp-json\/wp\/v2\/pages\/2610","targetHints":{"allow":["GET"]}}],"collection":[{"href":"https:\/\/matthiaspopp.com\/portfolio\/wp-json\/wp\/v2\/pages"}],"about":[{"href":"https:\/\/matthiaspopp.com\/portfolio\/wp-json\/wp\/v2\/types\/page"}],"author":[{"embeddable":true,"href":"https:\/\/matthiaspopp.com\/portfolio\/wp-json\/wp\/v2\/users\/1"}],"replies":[{"embeddable":true,"href":"https:\/\/matthiaspopp.com\/portfolio\/wp-json\/wp\/v2\/comments?post=2610"}],"version-history":[{"count":10,"href":"https:\/\/matthiaspopp.com\/portfolio\/wp-json\/wp\/v2\/pages\/2610\/revisions"}],"predecessor-version":[{"id":3148,"href":"https:\/\/matthiaspopp.com\/portfolio\/wp-json\/wp\/v2\/pages\/2610\/revisions\/3148"}],"wp:featuredmedia":[{"embeddable":true,"href":"https:\/\/matthiaspopp.com\/portfolio\/wp-json\/wp\/v2\/media\/1994"}],"wp:attachment":[{"href":"https:\/\/matthiaspopp.com\/portfolio\/wp-json\/wp\/v2\/media?parent=2610"}],"curies":[{"name":"wp","href":"https:\/\/api.w.org\/{rel}","templated":true}]}}